{"id":13837,"date":"2020-10-06T01:17:50","date_gmt":"2020-10-06T01:17:50","guid":{"rendered":"https:\/\/www.48hopenhousebarcelona.org\/els-edificis\/palau-casades-il%c2%b7lustre-col%c2%b7legi-dadvocats-de-barcelona\/"},"modified":"2025-08-06T10:04:50","modified_gmt":"2025-08-06T10:04:50","slug":"palau-casades-il%c2%b7lustre-col%c2%b7legi-dadvocats-de-barcelona","status":"publish","type":"edificis","link":"https:\/\/www.48hopenhousebarcelona.org\/ca\/els-edificis\/palau-casades-il%c2%b7lustre-col%c2%b7legi-dadvocats-de-barcelona\/","title":{"rendered":"PALAU CASADES (IL\u00b7LUSTRE COL\u00b7LEGI D&#8217;ADVOCATS DE BARCELONA)"},"content":{"rendered":"<p><span data-sheets-value=\"{&quot;1&quot;:2,&quot;2&quot;:&quot;Palauet classicista de planta rectangular que s\u2019organitza al voltant d\u2019un pati central, cobert per una claraboia i format per columnes de marbre multicolors. L\u2019ampliaci\u00f3 al carrer de Roger de Ll\u00faria replica la fa\u00e7ana original i relliga el conjunt amb una fa\u00e7ana aixamfranada, lleugerament enretirada de la l\u00ednia del carrer, que esdev\u00e9 l\u2019entrada principal. Est\u00e0 presidida, al coronament, per quatre escultures de cos sencer. \u00c9s la seu del Col\u00b7legi d\u2019Advocats des de l\u2019any 1921.&quot;}\" data-sheets-userformat=\"{&quot;2&quot;:15293,&quot;3&quot;:{&quot;1&quot;:0},&quot;5&quot;:{&quot;1&quot;:[{&quot;1&quot;:2,&quot;2&quot;:0,&quot;5&quot;:{&quot;1&quot;:2,&quot;2&quot;:0}},{&quot;1&quot;:0,&quot;2&quot;:0,&quot;3&quot;:3},{&quot;1&quot;:1,&quot;2&quot;:0,&quot;4&quot;:1}]},&quot;6&quot;:{&quot;1&quot;:[{&quot;1&quot;:2,&quot;2&quot;:0,&quot;5&quot;:{&quot;1&quot;:2,&quot;2&quot;:0}},{&quot;1&quot;:0,&quot;2&quot;:0,&quot;3&quot;:3},{&quot;1&quot;:1,&quot;2&quot;:0,&quot;4&quot;:1}]},&quot;7&quot;:{&quot;1&quot;:[{&quot;1&quot;:2,&quot;2&quot;:0,&quot;5&quot;:{&quot;1&quot;:2,&quot;2&quot;:0}},{&quot;1&quot;:0,&quot;2&quot;:0,&quot;3&quot;:3},{&quot;1&quot;:1,&quot;2&quot;:0,&quot;4&quot;:1}]},&quot;8&quot;:{&quot;1&quot;:[{&quot;1&quot;:2,&quot;2&quot;:0,&quot;5&quot;:{&quot;1&quot;:2,&quot;2&quot;:0}},{&quot;1&quot;:0,&quot;2&quot;:0,&quot;3&quot;:3},{&quot;1&quot;:1,&quot;2&quot;:0,&quot;4&quot;:1}]},&quot;10&quot;:0,&quot;11&quot;:4,&quot;12&quot;:0,&quot;14&quot;:{&quot;1&quot;:2,&quot;2&quot;:0},&quot;15&quot;:&quot;Calibri&quot;,&quot;16&quot;:8}\">Palauet classicista de planta rectangular que s\u2019organitza al voltant d\u2019un pati central, cobert per una claraboia i format per columnes de marbre multicolors. L\u2019ampliaci\u00f3 al carrer de Roger de Ll\u00faria replica la fa\u00e7ana original i relliga el conjunt amb una fa\u00e7ana aixamfranada, lleugerament enretirada de la l\u00ednia del carrer, que esdev\u00e9 l\u2019entrada principal. Est\u00e0 presidida, al coronament, per quatre escultures de cos sencer. \u00c9s la seu del Col\u00b7legi d\u2019Advocats des de l\u2019any 1921.<\/span><\/p>\n","protected":false},"featured_media":31310,"template":"","tags":[],"edicions":[993,1038,1066,1087],"obert_per":[342],"zones":[938,1074],"seccions":[],"transports":[351,386],"estils":[409],"usos_actuals":[365],"graella":[],"class_list":["post-13837","edificis","type-edificis","status-publish","has-post-thumbnail","hentry","edicions-993","edicions-1038","edicions-1066","edicions-2025-2","obert_per-dissabte-mati","zones-dreta-de-leixample-2","zones-barcelona","transports-l3","transports-l5","estils-neoclassicisme","usos_actuals-administratiu"],"acf":[],"_links":{"self":[{"href":"https:\/\/www.48hopenhousebarcelona.org\/ca\/wp-json\/wp\/v2\/edificis\/13837","targetHints":{"allow":["GET"]}}],"collection":[{"href":"https:\/\/www.48hopenhousebarcelona.org\/ca\/wp-json\/wp\/v2\/edificis"}],"about":[{"href":"https:\/\/www.48hopenhousebarcelona.org\/ca\/wp-json\/wp\/v2\/types\/edificis"}],"wp:featuredmedia":[{"embeddable":true,"href":"https:\/\/www.48hopenhousebarcelona.org\/ca\/wp-json\/wp\/v2\/media\/31310"}],"wp:attachment":[{"href":"https:\/\/www.48hopenhousebarcelona.org\/ca\/wp-json\/wp\/v2\/media?parent=13837"}],"wp:term":[{"taxonomy":"post_tag","embeddable":true,"href":"https:\/\/www.48hopenhousebarcelona.org\/ca\/wp-json\/wp\/v2\/tags?post=13837"},{"taxonomy":"edicions","embeddable":true,"href":"https:\/\/www.48hopenhousebarcelona.org\/ca\/wp-json\/wp\/v2\/edicions?post=13837"},{"taxonomy":"obert_per","embeddable":true,"href":"https:\/\/www.48hopenhousebarcelona.org\/ca\/wp-json\/wp\/v2\/obert_per?post=13837"},{"taxonomy":"zones","embeddable":true,"href":"https:\/\/www.48hopenhousebarcelona.org\/ca\/wp-json\/wp\/v2\/zones?post=13837"},{"taxonomy":"seccions","embeddable":true,"href":"https:\/\/www.48hopenhousebarcelona.org\/ca\/wp-json\/wp\/v2\/seccions?post=13837"},{"taxonomy":"transports","embeddable":true,"href":"https:\/\/www.48hopenhousebarcelona.org\/ca\/wp-json\/wp\/v2\/transports?post=13837"},{"taxonomy":"estils","embeddable":true,"href":"https:\/\/www.48hopenhousebarcelona.org\/ca\/wp-json\/wp\/v2\/estils?post=13837"},{"taxonomy":"usos_actuals","embeddable":true,"href":"https:\/\/www.48hopenhousebarcelona.org\/ca\/wp-json\/wp\/v2\/usos_actuals?post=13837"},{"taxonomy":"graella","embeddable":true,"href":"https:\/\/www.48hopenhousebarcelona.org\/ca\/wp-json\/wp\/v2\/graella?post=13837"}],"curies":[{"name":"wp","href":"https:\/\/api.w.org\/{rel}","templated":true}]}}