{"id":21711,"date":"2020-10-06T01:44:35","date_gmt":"2020-10-06T01:44:35","guid":{"rendered":"https:\/\/www.48hopenhousebarcelona.org\/els-edificis\/casa-de-la-ciutat-2\/"},"modified":"2025-09-22T10:30:19","modified_gmt":"2025-09-22T10:30:19","slug":"casa-de-la-ciutat","status":"publish","type":"edificis","link":"https:\/\/www.48hopenhousebarcelona.org\/ca\/els-edificis\/casa-de-la-ciutat\/","title":{"rendered":"CASA DE LA CIUTAT"},"content":{"rendered":"<p><span data-sheets-value=\"{&quot;1&quot;:2,&quot;2&quot;:&quot;Anomenat \u00abEdifici Vell\u00bb, \u00e9s una construcci\u00f3 marcada per la posici\u00f3 del Sal\u00f3 de Cent i el pati d\u2019entrada, resultat d\u2019adaptacions al llarg de sis-cents anys. El 1373 es constru\u00ed el Sal\u00f3 de Cent, primera edificaci\u00f3 expl\u00edcita per acollir les reunions del Consell de Cent Jurats. Era una sala al pati de la casa de l\u2019escriv\u00e0 del Consell i fou encarregada al mestre Pere Llobet. A posteriori, l\u2019arquitecte Arnau Bargu\u00e9s f\u00e9u la porta per a les noves depend\u00e8ncies al carrer de la Ciutat. Al segle XIX, es duu a terme l\u2019aixecament d\u2019una nova fa\u00e7ana, encarada a la pla\u00e7a de Sant Jaume.&quot;}\" data-sheets-userformat=\"{&quot;2&quot;:15293,&quot;3&quot;:{&quot;1&quot;:0},&quot;5&quot;:{&quot;1&quot;:[{&quot;1&quot;:2,&quot;2&quot;:0,&quot;5&quot;:{&quot;1&quot;:2,&quot;2&quot;:0}},{&quot;1&quot;:0,&quot;2&quot;:0,&quot;3&quot;:3},{&quot;1&quot;:1,&quot;2&quot;:0,&quot;4&quot;:1}]},&quot;6&quot;:{&quot;1&quot;:[{&quot;1&quot;:2,&quot;2&quot;:0,&quot;5&quot;:{&quot;1&quot;:2,&quot;2&quot;:0}},{&quot;1&quot;:0,&quot;2&quot;:0,&quot;3&quot;:3},{&quot;1&quot;:1,&quot;2&quot;:0,&quot;4&quot;:1}]},&quot;7&quot;:{&quot;1&quot;:[{&quot;1&quot;:2,&quot;2&quot;:0,&quot;5&quot;:{&quot;1&quot;:2,&quot;2&quot;:0}},{&quot;1&quot;:0,&quot;2&quot;:0,&quot;3&quot;:3},{&quot;1&quot;:1,&quot;2&quot;:0,&quot;4&quot;:1}]},&quot;8&quot;:{&quot;1&quot;:[{&quot;1&quot;:2,&quot;2&quot;:0,&quot;5&quot;:{&quot;1&quot;:2,&quot;2&quot;:0}},{&quot;1&quot;:0,&quot;2&quot;:0,&quot;3&quot;:3},{&quot;1&quot;:1,&quot;2&quot;:0,&quot;4&quot;:1}]},&quot;10&quot;:0,&quot;11&quot;:4,&quot;12&quot;:0,&quot;14&quot;:{&quot;1&quot;:2,&quot;2&quot;:0},&quot;15&quot;:&quot;Calibri&quot;,&quot;16&quot;:8}\">Anomenat \u00abEdifici Vell\u00bb, \u00e9s una construcci\u00f3 marcada per la posici\u00f3 del Sal\u00f3 de Cent i el pati d\u2019entrada, resultat d\u2019adaptacions al llarg de sis-cents anys. El 1373 es constru\u00ed el Sal\u00f3 de Cent, primera edificaci\u00f3 expl\u00edcita per acollir les reunions del Consell de Cent Jurats. Era una sala al pati de la casa de l\u2019escriv\u00e0 del Consell i fou encarregada al mestre Pere Llobet. A posteriori, l\u2019arquitecte Arnau Bargu\u00e9s f\u00e9u la porta per a les noves depend\u00e8ncies al carrer de la Ciutat. Al segle XIX, es duu a terme l\u2019aixecament d\u2019una nova fa\u00e7ana, encarada a la pla\u00e7a de Sant Jaume.<\/span><\/p>\n","protected":false},"featured_media":33576,"template":"","tags":[],"edicions":[993,1038,1066,1087],"obert_per":[344],"zones":[1074,999],"seccions":[],"transports":[351,352],"estils":[362],"usos_actuals":[365],"graella":[],"class_list":["post-21711","edificis","type-edificis","status-publish","has-post-thumbnail","hentry","edicions-993","edicions-1038","edicions-1066","edicions-2025-2","obert_per-diumenge-mati","zones-barcelona","zones-centre-2","transports-l3","transports-l4","estils-gotic","usos_actuals-administratiu"],"acf":[],"_links":{"self":[{"href":"https:\/\/www.48hopenhousebarcelona.org\/ca\/wp-json\/wp\/v2\/edificis\/21711","targetHints":{"allow":["GET"]}}],"collection":[{"href":"https:\/\/www.48hopenhousebarcelona.org\/ca\/wp-json\/wp\/v2\/edificis"}],"about":[{"href":"https:\/\/www.48hopenhousebarcelona.org\/ca\/wp-json\/wp\/v2\/types\/edificis"}],"wp:featuredmedia":[{"embeddable":true,"href":"https:\/\/www.48hopenhousebarcelona.org\/ca\/wp-json\/wp\/v2\/media\/33576"}],"wp:attachment":[{"href":"https:\/\/www.48hopenhousebarcelona.org\/ca\/wp-json\/wp\/v2\/media?parent=21711"}],"wp:term":[{"taxonomy":"post_tag","embeddable":true,"href":"https:\/\/www.48hopenhousebarcelona.org\/ca\/wp-json\/wp\/v2\/tags?post=21711"},{"taxonomy":"edicions","embeddable":true,"href":"https:\/\/www.48hopenhousebarcelona.org\/ca\/wp-json\/wp\/v2\/edicions?post=21711"},{"taxonomy":"obert_per","embeddable":true,"href":"https:\/\/www.48hopenhousebarcelona.org\/ca\/wp-json\/wp\/v2\/obert_per?post=21711"},{"taxonomy":"zones","embeddable":true,"href":"https:\/\/www.48hopenhousebarcelona.org\/ca\/wp-json\/wp\/v2\/zones?post=21711"},{"taxonomy":"seccions","embeddable":true,"href":"https:\/\/www.48hopenhousebarcelona.org\/ca\/wp-json\/wp\/v2\/seccions?post=21711"},{"taxonomy":"transports","embeddable":true,"href":"https:\/\/www.48hopenhousebarcelona.org\/ca\/wp-json\/wp\/v2\/transports?post=21711"},{"taxonomy":"estils","embeddable":true,"href":"https:\/\/www.48hopenhousebarcelona.org\/ca\/wp-json\/wp\/v2\/estils?post=21711"},{"taxonomy":"usos_actuals","embeddable":true,"href":"https:\/\/www.48hopenhousebarcelona.org\/ca\/wp-json\/wp\/v2\/usos_actuals?post=21711"},{"taxonomy":"graella","embeddable":true,"href":"https:\/\/www.48hopenhousebarcelona.org\/ca\/wp-json\/wp\/v2\/graella?post=21711"}],"curies":[{"name":"wp","href":"https:\/\/api.w.org\/{rel}","templated":true}]}}