{"id":32198,"date":"2021-07-28T09:45:22","date_gmt":"2021-07-28T09:45:22","guid":{"rendered":"https:\/\/www.48hopenhousebarcelona.org\/?post_type=edificis&#038;p=32198"},"modified":"2025-08-05T15:39:35","modified_gmt":"2025-08-05T15:39:35","slug":"ateneu-barcelones-palau-savassona","status":"publish","type":"edificis","link":"https:\/\/www.48hopenhousebarcelona.org\/ca\/els-edificis\/ateneu-barcelones-palau-savassona\/","title":{"rendered":"ANTIC PALAU SAVASSONA (ATENEU BARCELON\u00c8S)"},"content":{"rendered":"<p><span data-sheets-value=\"{&quot;1&quot;:2,&quot;2&quot;:&quot;Edificaci\u00f3 senyorial del segle XVIII que, des de l\u2019any 1907, acull la seu de l\u2019entitat cultural Ateneu Barcelon\u00e8s i que, al llarg de la hist\u00f2ria, ha sofert diverses transformacions. L\u2019any 1906, mitjan\u00e7ant una reforma respectuosa, es va adequar l\u2019espai de la planta noble per acollir-hi la biblioteca; per\u00f2, a finals dels anys seixanta, sota els efectes del franquisme, es va construir una remunta de tres plantes que malmetia la lectura de l\u2019edifici original. Finalment, una darrera rehabilitaci\u00f3 va posar en ordre les diferents intervencions del passat, potenciant-ne els elements m\u00e9s caracter\u00edstics i millorant-lo t\u00e8cnicament i arquitect\u00f2nica, per adequar-lo a les necessitats actuals. De l\u2019edifici original encara en destaca l\u2019acc\u00e9s, mitjan\u00e7ant un pati espai\u00f3s d\u2019escala coberta; la decoraci\u00f3 d\u2019alguns salons i la biblioteca, amb pintures de Francesc Pla (segle XVIII), i un jard\u00ed original a l\u2019altura del pis principal, mostra d\u2019estil rom\u00e0ntic del segle XIX.\\n\\nL\u2019entitat es va fundar l\u2019any 1860 amb el nom d\u2019Ateneo Catal\u00e1n, amb l\u2019objectiu de ser un centre promotor de la cultura, i va passar a dir-se Ateneu Barcelon\u00e8s l\u2019any 1872. Enguany, l\u2019Ateneu Barcelon\u00e8s celebra el 150\u00e8 aniversari.\\n&quot;}\" data-sheets-userformat=\"{&quot;2&quot;:15295,&quot;3&quot;:{&quot;1&quot;:0},&quot;4&quot;:{&quot;1&quot;:2,&quot;2&quot;:65535},&quot;5&quot;:{&quot;1&quot;:[{&quot;1&quot;:2,&quot;2&quot;:0,&quot;5&quot;:{&quot;1&quot;:2,&quot;2&quot;:0}},{&quot;1&quot;:0,&quot;2&quot;:0,&quot;3&quot;:3},{&quot;1&quot;:1,&quot;2&quot;:0,&quot;4&quot;:1}]},&quot;6&quot;:{&quot;1&quot;:[{&quot;1&quot;:2,&quot;2&quot;:0,&quot;5&quot;:{&quot;1&quot;:2,&quot;2&quot;:0}},{&quot;1&quot;:0,&quot;2&quot;:0,&quot;3&quot;:3},{&quot;1&quot;:1,&quot;2&quot;:0,&quot;4&quot;:1}]},&quot;7&quot;:{&quot;1&quot;:[{&quot;1&quot;:2,&quot;2&quot;:0,&quot;5&quot;:{&quot;1&quot;:2,&quot;2&quot;:0}},{&quot;1&quot;:0,&quot;2&quot;:0,&quot;3&quot;:3},{&quot;1&quot;:1,&quot;2&quot;:0,&quot;4&quot;:1}]},&quot;8&quot;:{&quot;1&quot;:[{&quot;1&quot;:2,&quot;2&quot;:0,&quot;5&quot;:{&quot;1&quot;:2,&quot;2&quot;:0}},{&quot;1&quot;:0,&quot;2&quot;:0,&quot;3&quot;:3},{&quot;1&quot;:1,&quot;2&quot;:0,&quot;4&quot;:1}]},&quot;10&quot;:0,&quot;11&quot;:4,&quot;12&quot;:0,&quot;14&quot;:{&quot;1&quot;:2,&quot;2&quot;:0},&quot;15&quot;:&quot;Calibri&quot;,&quot;16&quot;:8}\">Edificaci\u00f3 senyorial del segle XVIII que, des de l\u2019any 1907, acull la seu de l\u2019entitat cultural Ateneu Barcelon\u00e8s i que, al llarg de la hist\u00f2ria, ha sofert diverses transformacions. L\u2019any 1906, mitjan\u00e7ant una reforma respectuosa, es va adequar l\u2019espai de la planta noble per acollir-hi la biblioteca; per\u00f2, a finals dels anys seixanta, sota els efectes del franquisme, es va construir una remunta de tres plantes que malmetia la lectura de l\u2019edifici original. Finalment, una darrera rehabilitaci\u00f3 va posar en ordre les diferents intervencions del passat, potenciant-ne els elements m\u00e9s caracter\u00edstics i millorant-lo t\u00e8cnicament i arquitect\u00f2nica, per adequar-lo a les necessitats actuals. De l\u2019edifici original encara en destaca l\u2019acc\u00e9s, mitjan\u00e7ant un pati espai\u00f3s d\u2019escala coberta; la decoraci\u00f3 d\u2019alguns salons i la biblioteca, amb pintures de Francesc Pla (segle XVIII), i un jard\u00ed original a l\u2019altura del pis principal, mostra d\u2019estil rom\u00e0ntic del segle XIX.<\/span><\/p>\n<p>L\u2019entitat es va fundar l\u2019any 1860 amb el nom d\u2019Ateneo Catal\u00e1n, amb l\u2019objectiu de ser un centre promotor de la cultura, i va passar a dir-se Ateneu Barcelon\u00e8s l\u2019any 1872. Enguany, l\u2019Ateneu Barcelon\u00e8s celebra el 150\u00e8 aniversari.<\/p>\n","protected":false},"featured_media":32395,"template":"","tags":[],"edicions":[1038,1066,1087],"obert_per":[344,345],"zones":[1074,999],"seccions":[],"transports":[348,351,358,359],"estils":[409],"usos_actuals":[363],"graella":[],"class_list":["post-32198","edificis","type-edificis","status-publish","has-post-thumbnail","hentry","edicions-1038","edicions-1066","edicions-2025-2","obert_per-diumenge-mati","obert_per-diumenge-tarda","zones-barcelona","zones-centre-2","transports-l1","transports-l3","transports-l6","transports-l7","estils-neoclassicisme","usos_actuals-cultural"],"acf":[],"_links":{"self":[{"href":"https:\/\/www.48hopenhousebarcelona.org\/ca\/wp-json\/wp\/v2\/edificis\/32198","targetHints":{"allow":["GET"]}}],"collection":[{"href":"https:\/\/www.48hopenhousebarcelona.org\/ca\/wp-json\/wp\/v2\/edificis"}],"about":[{"href":"https:\/\/www.48hopenhousebarcelona.org\/ca\/wp-json\/wp\/v2\/types\/edificis"}],"wp:featuredmedia":[{"embeddable":true,"href":"https:\/\/www.48hopenhousebarcelona.org\/ca\/wp-json\/wp\/v2\/media\/32395"}],"wp:attachment":[{"href":"https:\/\/www.48hopenhousebarcelona.org\/ca\/wp-json\/wp\/v2\/media?parent=32198"}],"wp:term":[{"taxonomy":"post_tag","embeddable":true,"href":"https:\/\/www.48hopenhousebarcelona.org\/ca\/wp-json\/wp\/v2\/tags?post=32198"},{"taxonomy":"edicions","embeddable":true,"href":"https:\/\/www.48hopenhousebarcelona.org\/ca\/wp-json\/wp\/v2\/edicions?post=32198"},{"taxonomy":"obert_per","embeddable":true,"href":"https:\/\/www.48hopenhousebarcelona.org\/ca\/wp-json\/wp\/v2\/obert_per?post=32198"},{"taxonomy":"zones","embeddable":true,"href":"https:\/\/www.48hopenhousebarcelona.org\/ca\/wp-json\/wp\/v2\/zones?post=32198"},{"taxonomy":"seccions","embeddable":true,"href":"https:\/\/www.48hopenhousebarcelona.org\/ca\/wp-json\/wp\/v2\/seccions?post=32198"},{"taxonomy":"transports","embeddable":true,"href":"https:\/\/www.48hopenhousebarcelona.org\/ca\/wp-json\/wp\/v2\/transports?post=32198"},{"taxonomy":"estils","embeddable":true,"href":"https:\/\/www.48hopenhousebarcelona.org\/ca\/wp-json\/wp\/v2\/estils?post=32198"},{"taxonomy":"usos_actuals","embeddable":true,"href":"https:\/\/www.48hopenhousebarcelona.org\/ca\/wp-json\/wp\/v2\/usos_actuals?post=32198"},{"taxonomy":"graella","embeddable":true,"href":"https:\/\/www.48hopenhousebarcelona.org\/ca\/wp-json\/wp\/v2\/graella?post=32198"}],"curies":[{"name":"wp","href":"https:\/\/api.w.org\/{rel}","templated":true}]}}