{"id":33288,"date":"2021-08-25T10:04:26","date_gmt":"2021-08-25T10:04:26","guid":{"rendered":"https:\/\/www.48hopenhousebarcelona.org\/?post_type=edificis&#038;p=33288"},"modified":"2025-09-30T17:32:53","modified_gmt":"2025-09-30T17:32:53","slug":"recinte-fabra-coats","status":"publish","type":"edificis","link":"https:\/\/www.48hopenhousebarcelona.org\/ca\/els-edificis\/recinte-fabra-coats\/","title":{"rendered":"RECINTE FABRA I COATS"},"content":{"rendered":"<p><span data-sheets-value=\"{&quot;1&quot;:2,&quot;2&quot;:&quot;La hist\u00f2ria del recinte de La Compa\u00f1\u00eda An\u00f3nima de Hiladuras Fabra y Coats (1903-2005) comen\u00e7a abans que es constitueixi l\u2019empresa i, en els seus m\u00e9s de cent anys d\u2019hist\u00f2ria, s\u2019ha anat transformant per adaptar-se a cada situaci\u00f3. Inicialment, a la parcel\u00b7la hi havia la f\u00e0brica de la fam\u00edlia Alsina (1853-1887), que va ser absorbida per una empresa brit\u00e0nica (1893-1903) que hi va construir la nau central. Amb la constituci\u00f3 de la Fabra i Coats (1903-1913), es van construir un magatzem de cot\u00f3 i dos edificis auxiliars per al blanqueig i tintat, i es van renovar la sala de calderes i un edifici destinat a oficines. L\u2019any 1919, es va incorporar a l\u2019empresa l\u2019antiga f\u00e0brica del Rec, per a les seccions d\u2019acabat; l\u2019any 1965, es va iniciar la producci\u00f3 de fibres sint\u00e8tiques i les naus es van reorganitzar tenint en compte els nous usos (magatzem de fil, taller de fibres sint\u00e8tiques, cabdellat i plegat, condicionament i control de qualitat). Finalment, als anys vuitanta, la f\u00e0brica es va quedar \u00fanicament els processos relacionats amb el tenyit, els acabats i el condicionament del fil. Actualment, les naus s\u2019han transformat als usos actuals que necessita la ciutat, un pas m\u00e9s en l\u2019evoluci\u00f3 arquitect\u00f2nica del recinte.\\n\\nEn aquesta edici\u00f3 del festival 48h Open House BCN 2023, es poden visitar els edificis seg\u00fcents:\\n- LOCAL DELS AMICS DE LA FABRA I COATS\\n- ESPAI VERTICAL (COLLA CASTELLERA JOVE DE BARCELONA)\\n- CAN FONTANET (CENTRE D'INTERPRETACI\u00d3 DELS TRES TOMBS)\\n- F\u00c0BRICA DE CREACI\u00d3 \\n- CENTRE D'ART CONTEMPORANI DE BARCELONA\\n\\n\\nUn any m\u00e9s les activitats del Festival coincideixen amb la Fira d\u2019Economia Solid\u00e0ria de Catalunya (FESC), que arriba enguany a la seva desena edici\u00f3. Defensa un sistema econ\u00f2mic respectu\u00f3s amb les persones, el medi ambient i els territoris que funciona sota criteris democr\u00e0tics, d\u2019horitzontalitat, transpar\u00e8ncia, equitat i participaci\u00f3. Trobareu m\u00e9s informaci\u00f3n al seg\u00fcent enlla\u00e7: https:\/\/drive.google.com\/file\/d\/1BTPeuX9bc4hLKIvzQIpsmJVRVN3iu9Ob\/view\\n&quot;}\" data-sheets-userformat=\"{&quot;2&quot;:1063871,&quot;3&quot;:{&quot;1&quot;:0},&quot;4&quot;:{&quot;1&quot;:2,&quot;2&quot;:65535},&quot;5&quot;:{&quot;1&quot;:[{&quot;1&quot;:2,&quot;2&quot;:0,&quot;5&quot;:{&quot;1&quot;:2,&quot;2&quot;:0}},{&quot;1&quot;:0,&quot;2&quot;:0,&quot;3&quot;:3},{&quot;1&quot;:1,&quot;2&quot;:0,&quot;4&quot;:1}]},&quot;6&quot;:{&quot;1&quot;:[{&quot;1&quot;:2,&quot;2&quot;:0,&quot;5&quot;:{&quot;1&quot;:2,&quot;2&quot;:0}},{&quot;1&quot;:0,&quot;2&quot;:0,&quot;3&quot;:3},{&quot;1&quot;:1,&quot;2&quot;:0,&quot;4&quot;:1}]},&quot;7&quot;:{&quot;1&quot;:[{&quot;1&quot;:2,&quot;2&quot;:0,&quot;5&quot;:{&quot;1&quot;:2,&quot;2&quot;:0}},{&quot;1&quot;:0,&quot;2&quot;:0,&quot;3&quot;:3},{&quot;1&quot;:1,&quot;2&quot;:0,&quot;4&quot;:1}]},&quot;8&quot;:{&quot;1&quot;:[{&quot;1&quot;:2,&quot;2&quot;:0,&quot;5&quot;:{&quot;1&quot;:2,&quot;2&quot;:0}},{&quot;1&quot;:0,&quot;2&quot;:0,&quot;3&quot;:3},{&quot;1&quot;:1,&quot;2&quot;:0,&quot;4&quot;:1}]},&quot;10&quot;:0,&quot;11&quot;:4,&quot;12&quot;:0,&quot;14&quot;:{&quot;1&quot;:2,&quot;2&quot;:0},&quot;15&quot;:&quot;Calibri&quot;,&quot;16&quot;:8,&quot;23&quot;:1}\" data-sheets-textstyleruns=\"{&quot;1&quot;:0}\uee10{&quot;1&quot;:1917,&quot;2&quot;:{&quot;2&quot;:{&quot;1&quot;:2,&quot;2&quot;:1136076},&quot;9&quot;:1}}\uee10{&quot;1&quot;:1987}\" data-sheets-hyperlinkruns=\"{&quot;1&quot;:1917,&quot;2&quot;:&quot;https:\/\/drive.google.com\/file\/d\/1BTPeuX9bc4hLKIvzQIpsmJVRVN3iu9Ob\/view&quot;}\uee10{&quot;1&quot;:1987}\">La hist\u00f2ria del recinte de La Compa\u00f1\u00eda An\u00f3nima de Hiladuras Fabra y Coats (1903-2005) comen\u00e7a abans que es constitueixi l\u2019empresa i, en els seus m\u00e9s de cent anys d\u2019hist\u00f2ria, s\u2019ha anat transformant per adaptar-se a cada situaci\u00f3. Inicialment, a la parcel\u00b7la hi havia la f\u00e0brica de la fam\u00edlia Alsina (1853-1887), que va ser absorbida per una empresa brit\u00e0nica (1893-1903) que hi va construir la nau central. Amb la constituci\u00f3 de la Fabra i Coats (1903-1913), es van construir un magatzem de cot\u00f3 i dos edificis auxiliars per al blanqueig i tintat, i es van renovar la sala de calderes i un edifici destinat a oficines. L\u2019any 1919, es va incorporar a l\u2019empresa l\u2019antiga f\u00e0brica del Rec, per a les seccions d\u2019acabat; l\u2019any 1965, es va iniciar la producci\u00f3 de fibres sint\u00e8tiques i les naus es van reorganitzar tenint en compte els nous usos (magatzem de fil, taller de fibres sint\u00e8tiques, cabdellat i plegat, condicionament i control de qualitat). Finalment, als anys vuitanta, la f\u00e0brica es va quedar \u00fanicament els processos relacionats amb el tenyit, els acabats i el condicionament del fil. Actualment, les naus s\u2019han transformat als usos actuals que necessita la ciutat, un pas m\u00e9s en l\u2019evoluci\u00f3 arquitect\u00f2nica del recinte.<\/span><\/p>\n","protected":false},"featured_media":30448,"template":"","tags":[],"edicions":[865,993,1038,1066,1087],"obert_per":[],"zones":[412,1074],"seccions":[915],"transports":[348,414,413],"estils":[1062],"usos_actuals":[368,411,375],"graella":[],"class_list":["post-33288","edificis","type-edificis","status-publish","has-post-thumbnail","hentry","edicions-865","edicions-993","edicions-1038","edicions-1066","edicions-2025-2","zones-sant-andreu","zones-barcelona","seccions-recinte-historic","transports-l1","transports-l10n","transports-l9n","estils-historic-contemporani","usos_actuals-docent","usos_actuals-esportiu","usos_actuals-residencial"],"acf":[],"_links":{"self":[{"href":"https:\/\/www.48hopenhousebarcelona.org\/ca\/wp-json\/wp\/v2\/edificis\/33288","targetHints":{"allow":["GET"]}}],"collection":[{"href":"https:\/\/www.48hopenhousebarcelona.org\/ca\/wp-json\/wp\/v2\/edificis"}],"about":[{"href":"https:\/\/www.48hopenhousebarcelona.org\/ca\/wp-json\/wp\/v2\/types\/edificis"}],"wp:featuredmedia":[{"embeddable":true,"href":"https:\/\/www.48hopenhousebarcelona.org\/ca\/wp-json\/wp\/v2\/media\/30448"}],"wp:attachment":[{"href":"https:\/\/www.48hopenhousebarcelona.org\/ca\/wp-json\/wp\/v2\/media?parent=33288"}],"wp:term":[{"taxonomy":"post_tag","embeddable":true,"href":"https:\/\/www.48hopenhousebarcelona.org\/ca\/wp-json\/wp\/v2\/tags?post=33288"},{"taxonomy":"edicions","embeddable":true,"href":"https:\/\/www.48hopenhousebarcelona.org\/ca\/wp-json\/wp\/v2\/edicions?post=33288"},{"taxonomy":"obert_per","embeddable":true,"href":"https:\/\/www.48hopenhousebarcelona.org\/ca\/wp-json\/wp\/v2\/obert_per?post=33288"},{"taxonomy":"zones","embeddable":true,"href":"https:\/\/www.48hopenhousebarcelona.org\/ca\/wp-json\/wp\/v2\/zones?post=33288"},{"taxonomy":"seccions","embeddable":true,"href":"https:\/\/www.48hopenhousebarcelona.org\/ca\/wp-json\/wp\/v2\/seccions?post=33288"},{"taxonomy":"transports","embeddable":true,"href":"https:\/\/www.48hopenhousebarcelona.org\/ca\/wp-json\/wp\/v2\/transports?post=33288"},{"taxonomy":"estils","embeddable":true,"href":"https:\/\/www.48hopenhousebarcelona.org\/ca\/wp-json\/wp\/v2\/estils?post=33288"},{"taxonomy":"usos_actuals","embeddable":true,"href":"https:\/\/www.48hopenhousebarcelona.org\/ca\/wp-json\/wp\/v2\/usos_actuals?post=33288"},{"taxonomy":"graella","embeddable":true,"href":"https:\/\/www.48hopenhousebarcelona.org\/ca\/wp-json\/wp\/v2\/graella?post=33288"}],"curies":[{"name":"wp","href":"https:\/\/api.w.org\/{rel}","templated":true}]}}