{"id":44914,"date":"2023-09-29T10:25:59","date_gmt":"2023-09-29T10:25:59","guid":{"rendered":"https:\/\/www.48hopenhousebarcelona.org\/?post_type=edificis&#038;p=44914"},"modified":"2025-09-08T15:36:32","modified_gmt":"2025-09-08T15:36:32","slug":"hotel-casa-vilella","status":"publish","type":"edificis","link":"https:\/\/www.48hopenhousebarcelona.org\/ca\/els-edificis\/hotel-casa-vilella\/","title":{"rendered":"HOTEL CASA VILELLA"},"content":{"rendered":"<p><span data-sheets-value=\"{&quot;1&quot;:2,&quot;2&quot;:&quot;La Casa Vilella, avui Hotel-Restaurant Casa Vilella, \u00e9s un edifici d\u2019estil noucentista amb alguns elements del llenguatge modernista, per\u00f2, en general, ecl\u00e8ctic noucentista, que es va construir a partir del 1919, seguint les ordres de l\u2019arquitecte Joan Rubi\u00f3 i Bellver. La casa la va encarregar Joan Vilella Estivill, un banquer i empresari destacat que es va voler construir un xalet al passeig Mar\u00edtim de Sitges. Aquesta casa va ser una de les primeres que es van construir al nou passeig sitget\u00e0. Aix\u00ed, doncs, va ser una casa d\u2019estiueig fins als anys trenta. Durant la Guerra Civil, va acollir nens refugiats, per\u00f2 la casa d\u2019acollida es va desmantellar el 1939. Als anys seixanta, amb el boom del turisme, va esdevenir la Resid\u00e8ncia Helv\u00e8tica, activitat que va durar fins als anys noranta. Des dels anys noranta fins al 2017, la casa va estar abandonada. Gr\u00e0cies a la nova adquisici\u00f3, la casa va passar d\u2019estar en clar deteriorament a recuperar l\u2019esplendor, oberta com a hotel-restaurant.&quot;}\" data-sheets-userformat=\"{&quot;2&quot;:15295,&quot;3&quot;:{&quot;1&quot;:0},&quot;4&quot;:{&quot;1&quot;:2,&quot;2&quot;:65535},&quot;5&quot;:{&quot;1&quot;:[{&quot;1&quot;:2,&quot;2&quot;:0,&quot;5&quot;:{&quot;1&quot;:2,&quot;2&quot;:0}},{&quot;1&quot;:0,&quot;2&quot;:0,&quot;3&quot;:3},{&quot;1&quot;:1,&quot;2&quot;:0,&quot;4&quot;:1}]},&quot;6&quot;:{&quot;1&quot;:[{&quot;1&quot;:2,&quot;2&quot;:0,&quot;5&quot;:{&quot;1&quot;:2,&quot;2&quot;:0}},{&quot;1&quot;:0,&quot;2&quot;:0,&quot;3&quot;:3},{&quot;1&quot;:1,&quot;2&quot;:0,&quot;4&quot;:1}]},&quot;7&quot;:{&quot;1&quot;:[{&quot;1&quot;:2,&quot;2&quot;:0,&quot;5&quot;:{&quot;1&quot;:2,&quot;2&quot;:0}},{&quot;1&quot;:0,&quot;2&quot;:0,&quot;3&quot;:3},{&quot;1&quot;:1,&quot;2&quot;:0,&quot;4&quot;:1}]},&quot;8&quot;:{&quot;1&quot;:[{&quot;1&quot;:2,&quot;2&quot;:0,&quot;5&quot;:{&quot;1&quot;:2,&quot;2&quot;:0}},{&quot;1&quot;:0,&quot;2&quot;:0,&quot;3&quot;:3},{&quot;1&quot;:1,&quot;2&quot;:0,&quot;4&quot;:1}]},&quot;10&quot;:0,&quot;11&quot;:4,&quot;12&quot;:0,&quot;14&quot;:{&quot;1&quot;:2,&quot;2&quot;:0},&quot;15&quot;:&quot;Calibri&quot;,&quot;16&quot;:8}\">La Casa Vilella, avui Hotel-Restaurant Casa Vilella, \u00e9s un edifici d\u2019estil noucentista amb alguns elements del llenguatge modernista, per\u00f2, en general, ecl\u00e8ctic noucentista, que es va construir a partir del 1919, seguint les ordres de l\u2019arquitecte Joan Rubi\u00f3 i Bellver. La casa la va encarregar Joan Vilella Estivill, un banquer i empresari destacat que es va voler construir un xalet al passeig Mar\u00edtim de Sitges. Aquesta casa va ser una de les primeres que es van construir al nou passeig sitget\u00e0. Aix\u00ed, doncs, va ser una casa d\u2019estiueig fins als anys trenta. Durant la Guerra Civil, va acollir nens refugiats, per\u00f2 la casa d\u2019acollida es va desmantellar el 1939. Als anys seixanta, amb el boom del turisme, va esdevenir la Resid\u00e8ncia Helv\u00e8tica, activitat que va durar fins als anys noranta. Des dels anys noranta fins al 2017, la casa va estar abandonada. Gr\u00e0cies a la nova adquisici\u00f3, la casa va passar d\u2019estar en clar deteriorament a recuperar l\u2019esplendor, oberta com a hotel-restaurant.<\/span><\/p>\n","protected":false},"featured_media":46385,"template":"","tags":[],"edicions":[1038,1066,1087],"obert_per":[342,344],"zones":[942],"seccions":[],"transports":[],"estils":[404],"usos_actuals":[380],"graella":[],"class_list":["post-44914","edificis","type-edificis","status-publish","has-post-thumbnail","hentry","edicions-1038","edicions-1066","edicions-2025-2","obert_per-dissabte-mati","obert_per-diumenge-mati","zones-sitges","estils-noucentisme","usos_actuals-hoteleria"],"acf":[],"_links":{"self":[{"href":"https:\/\/www.48hopenhousebarcelona.org\/ca\/wp-json\/wp\/v2\/edificis\/44914","targetHints":{"allow":["GET"]}}],"collection":[{"href":"https:\/\/www.48hopenhousebarcelona.org\/ca\/wp-json\/wp\/v2\/edificis"}],"about":[{"href":"https:\/\/www.48hopenhousebarcelona.org\/ca\/wp-json\/wp\/v2\/types\/edificis"}],"wp:featuredmedia":[{"embeddable":true,"href":"https:\/\/www.48hopenhousebarcelona.org\/ca\/wp-json\/wp\/v2\/media\/46385"}],"wp:attachment":[{"href":"https:\/\/www.48hopenhousebarcelona.org\/ca\/wp-json\/wp\/v2\/media?parent=44914"}],"wp:term":[{"taxonomy":"post_tag","embeddable":true,"href":"https:\/\/www.48hopenhousebarcelona.org\/ca\/wp-json\/wp\/v2\/tags?post=44914"},{"taxonomy":"edicions","embeddable":true,"href":"https:\/\/www.48hopenhousebarcelona.org\/ca\/wp-json\/wp\/v2\/edicions?post=44914"},{"taxonomy":"obert_per","embeddable":true,"href":"https:\/\/www.48hopenhousebarcelona.org\/ca\/wp-json\/wp\/v2\/obert_per?post=44914"},{"taxonomy":"zones","embeddable":true,"href":"https:\/\/www.48hopenhousebarcelona.org\/ca\/wp-json\/wp\/v2\/zones?post=44914"},{"taxonomy":"seccions","embeddable":true,"href":"https:\/\/www.48hopenhousebarcelona.org\/ca\/wp-json\/wp\/v2\/seccions?post=44914"},{"taxonomy":"transports","embeddable":true,"href":"https:\/\/www.48hopenhousebarcelona.org\/ca\/wp-json\/wp\/v2\/transports?post=44914"},{"taxonomy":"estils","embeddable":true,"href":"https:\/\/www.48hopenhousebarcelona.org\/ca\/wp-json\/wp\/v2\/estils?post=44914"},{"taxonomy":"usos_actuals","embeddable":true,"href":"https:\/\/www.48hopenhousebarcelona.org\/ca\/wp-json\/wp\/v2\/usos_actuals?post=44914"},{"taxonomy":"graella","embeddable":true,"href":"https:\/\/www.48hopenhousebarcelona.org\/ca\/wp-json\/wp\/v2\/graella?post=44914"}],"curies":[{"name":"wp","href":"https:\/\/api.w.org\/{rel}","templated":true}]}}