{"id":49344,"date":"2024-07-31T10:00:36","date_gmt":"2024-07-31T10:00:36","guid":{"rendered":"https:\/\/www.48hopenhousebarcelona.org\/?post_type=edificis&#038;p=49344"},"modified":"2026-02-04T18:54:28","modified_gmt":"2026-02-04T18:54:28","slug":"antic-convent-de-la-merce-seu-de-la-capitania-general","status":"publish","type":"edificis","link":"https:\/\/www.48hopenhousebarcelona.org\/ca\/els-edificis\/antic-convent-de-la-merce-seu-de-la-capitania-general\/","title":{"rendered":"ANTIC CONVENT DE LA MERC\u00c8"},"content":{"rendered":"<p><span style=\"font-weight: 400;\">L\u2019orde de la Merc\u00e8 es va fundar a Barcelona el 1218, despr\u00e9s de l\u2019aparici\u00f3 de la Mare de D\u00e9u a Pere Nolasc. Inicialment, era una confraria dedicada al rescat de captius, i van gestionar l&#8217;Hospital de Santa Eul\u00e0lia. El 1232, es van adquirir terrenys per construir-hi una esgl\u00e9sia, un claustre i, m\u00e9s tard, un convent. Entre el 1605 i el 1653, es va aixecar un nou edifici, sota la direcci\u00f3 de Jeroni Santacana, amb un claustre de dos pisos amb arcs de mig punt sobre columnes. La fa\u00e7ana barroca \u00e9s obra de Jaume Flori. El 1846, el convent es va convertir en caserna militar, i el 1926 es va construir la fa\u00e7ana monumental del passeig de Colom, obra neoclassicista d&#8217;Adolf Florensa. L&#8217;edifici va sofrir m\u00faltiples transformacions al llarg dels segles, amb la qual cosa s\u2019ha convertit en un espai amb gran import\u00e0ncia hist\u00f2rica i arquitect\u00f2nica.<\/span><\/p>\n","protected":false},"featured_media":50606,"template":"","tags":[],"edicions":[1066,1087],"obert_per":[342,343,344,345],"zones":[1074,999],"seccions":[389],"transports":[351,352],"estils":[452],"usos_actuals":[371],"graella":[1117],"class_list":["post-49344","edificis","type-edificis","status-publish","has-post-thumbnail","hentry","edicions-1066","edicions-2025-2","obert_per-dissabte-mati","obert_per-dissabte-tarda","obert_per-diumenge-mati","obert_per-diumenge-tarda","zones-barcelona","zones-centre-2","seccions-open-infraestructures","transports-l3","transports-l4","estils-eclecticisme","usos_actuals-museu","graella-festival"],"acf":[],"_links":{"self":[{"href":"https:\/\/www.48hopenhousebarcelona.org\/ca\/wp-json\/wp\/v2\/edificis\/49344","targetHints":{"allow":["GET"]}}],"collection":[{"href":"https:\/\/www.48hopenhousebarcelona.org\/ca\/wp-json\/wp\/v2\/edificis"}],"about":[{"href":"https:\/\/www.48hopenhousebarcelona.org\/ca\/wp-json\/wp\/v2\/types\/edificis"}],"wp:featuredmedia":[{"embeddable":true,"href":"https:\/\/www.48hopenhousebarcelona.org\/ca\/wp-json\/wp\/v2\/media\/50606"}],"wp:attachment":[{"href":"https:\/\/www.48hopenhousebarcelona.org\/ca\/wp-json\/wp\/v2\/media?parent=49344"}],"wp:term":[{"taxonomy":"post_tag","embeddable":true,"href":"https:\/\/www.48hopenhousebarcelona.org\/ca\/wp-json\/wp\/v2\/tags?post=49344"},{"taxonomy":"edicions","embeddable":true,"href":"https:\/\/www.48hopenhousebarcelona.org\/ca\/wp-json\/wp\/v2\/edicions?post=49344"},{"taxonomy":"obert_per","embeddable":true,"href":"https:\/\/www.48hopenhousebarcelona.org\/ca\/wp-json\/wp\/v2\/obert_per?post=49344"},{"taxonomy":"zones","embeddable":true,"href":"https:\/\/www.48hopenhousebarcelona.org\/ca\/wp-json\/wp\/v2\/zones?post=49344"},{"taxonomy":"seccions","embeddable":true,"href":"https:\/\/www.48hopenhousebarcelona.org\/ca\/wp-json\/wp\/v2\/seccions?post=49344"},{"taxonomy":"transports","embeddable":true,"href":"https:\/\/www.48hopenhousebarcelona.org\/ca\/wp-json\/wp\/v2\/transports?post=49344"},{"taxonomy":"estils","embeddable":true,"href":"https:\/\/www.48hopenhousebarcelona.org\/ca\/wp-json\/wp\/v2\/estils?post=49344"},{"taxonomy":"usos_actuals","embeddable":true,"href":"https:\/\/www.48hopenhousebarcelona.org\/ca\/wp-json\/wp\/v2\/usos_actuals?post=49344"},{"taxonomy":"graella","embeddable":true,"href":"https:\/\/www.48hopenhousebarcelona.org\/ca\/wp-json\/wp\/v2\/graella?post=49344"}],"curies":[{"name":"wp","href":"https:\/\/api.w.org\/{rel}","templated":true}]}}