{"id":50543,"date":"2024-09-13T10:00:38","date_gmt":"2024-09-13T10:00:38","guid":{"rendered":"https:\/\/www.48hopenhousebarcelona.org\/?post_type=edificis&#038;p=50543"},"modified":"2025-10-01T12:31:09","modified_gmt":"2025-10-01T12:31:09","slug":"parlament-de-catalunya","status":"publish","type":"edificis","link":"https:\/\/www.48hopenhousebarcelona.org\/ca\/els-edificis\/parlament-de-catalunya\/","title":{"rendered":"PARLAMENT DE CATALUNYA"},"content":{"rendered":"<p><span style=\"font-weight: 400;\">Antic arsenal de la ciutadella militar (magatzem de p\u00f3lvora i armes lleugeres) constru\u00eft l\u2019any 1717 i actual seu del Parlament de Catalunya des de l\u2019any 1932. A trav\u00e9s de la seva transformaci\u00f3 arquitect\u00f2nica, podem llegir la hist\u00f2ria de la ciutat i del pa\u00eds.<br \/>\n<\/span><span style=\"font-weight: 400;\">Les obres b\u00e0siques de l\u2019edifici militar es van enllestir l\u2019any 1727 per\u00f2 l\u2019edifici va seguir en obres fins l\u2019any 1749. Un cop enderrocada la ciutadella, l\u2019arsenal es va adaptar per allotjar-hi les tropes per\u00f2 de seguida es va rehabilitar per formar part de l\u2019Exposici\u00f3 Universal de Barcelona de 1888. Tot i que l\u2019edifici formava part d\u2019un conjunt odiat pels barcelonins, s\u00edmbol de tortures i repressi\u00f3, l\u2019organitzaci\u00f3 de l\u2019Exposici\u00f3 va prendre la decisi\u00f3 de reutilitzar-lo per a l\u2019esdeveniment (juntament amb els edificis de la pla\u00e7a d\u2019armes del Palau del Governador i la Capella castrense) i de mantenir-lo per a usos posteriors. El motiu d\u2019aquesta decisi\u00f3 va ser que l\u2019Exposici\u00f3 s\u2019havia de construir amb poc temps de previsi\u00f3 i les construccions militars, tot i ser m\u00e9s antigues que els nous pavellons que es construirien i seguir estils ben diferents, s\u2019havien constru\u00eft amb m\u00e9s mitjans i m\u00e9s temps. En el cas de l\u2019arsenal, a m\u00e9s, aquesta caracter\u00edstica encara es feia m\u00e9s evident ja que s\u2019havia constru\u00eft com a magatzem d\u2019armes i material de guerra i, per tant, com una construcci\u00f3 molt resistent. A partir de l\u2019Exposici\u00f3 l\u2019edifici pateix grans transformacions que alteren el seu aspecte original.<br \/>\n<\/span><span style=\"font-weight: 400;\">En un primer moment, l\u2019edifici es va voler adaptar com a Palau Reial (com a resid\u00e8ncia de la reina Maria Cristina en els seus despla\u00e7aments a la ciutat) i l\u2019arquitecte Pere Falqu\u00e9s va fer-hi nombroses reformes. Entre altres intervencions, es va fer una remunta sobre el cos central de l\u2019edifici per a ubicar-hi la planta noble del Palau; la fa\u00e7ana principal es va decorar amb esgrafiats d\u2019estil noucentista i s\u2019hi van obrir tres balcons; es va cobrir un dels patis interiors (amb una claraboia d\u2019estil modernista) i s\u2019hi va ubicar una gran escalinata de marbre amb barana de balustrada; es van decorar sales interiors amb marbres, fusta i bigues de ferro recobertes amb treballs artesanals molt elaborats; i es van transformar sales en salons de festes i menjadors de gala col\u00b7locant pilastres de marbre.<br \/>\n<\/span><span style=\"font-weight: 400;\">Tot i les reformes, l\u2019\u00fas de l\u2019edifici com a Palau Reial no va prosperar (a principis del segle XX es va construir el Palau Reial de Pedralbes) i l\u2019Ajuntament de Barcelona hi situ\u00e0 el Museu Municipal d\u2019Art. En aquest per\u00edode, el mateix arquitecte Pere Falqu\u00e9s va afegir dos cossos laterals al conjunt decorats amb bustos d\u2019artistes catalans. L\u2019any 1931, el President de la Generalitat de Catalunya Francesc Maci\u00e0, va decidir ubicar el Parlament en aquest edifici hist\u00f2ric envoltat de jardins, i va entrar en funcionament el 6 de desembre de 1932. Durant la Guerra Civil Espa\u00f1ola, per\u00f2, a l\u2019edifici no s\u2019hi va legislar i del 1945 fins el 1980 va tornar-hi l\u2019\u00fas de museu d\u2019art. Des de llavors i fins l\u2019any 2004, Parlament i museu van conviure i compartir espai per\u00f2 finalment es van traslladar les obres d\u2019art al Museu Nacional d\u2019Art de Catalunya i l\u2019edifici va quedar \u00fanicament amb l\u2019\u00fas parlamentari actual.<br \/>\n<\/span><span style=\"font-weight: 400;\">En un exercici important de resignificaci\u00f3 de l\u2019arquitectura, cadascuna de les peces de l\u2019edifici actual permet llegir el pas del temps i ens ajuda a entendre la hist\u00f2ria i la cultura per poder mirar endavant.<\/span><\/p>\n","protected":false},"featured_media":50628,"template":"","tags":[],"edicions":[1066,1087],"obert_per":[342],"zones":[1074,999],"seccions":[],"transports":[352],"estils":[1062],"usos_actuals":[365],"graella":[],"class_list":["post-50543","edificis","type-edificis","status-publish","has-post-thumbnail","hentry","edicions-1066","edicions-2025-2","obert_per-dissabte-mati","zones-barcelona","zones-centre-2","transports-l4","estils-historic-contemporani","usos_actuals-administratiu"],"acf":[],"_links":{"self":[{"href":"https:\/\/www.48hopenhousebarcelona.org\/ca\/wp-json\/wp\/v2\/edificis\/50543","targetHints":{"allow":["GET"]}}],"collection":[{"href":"https:\/\/www.48hopenhousebarcelona.org\/ca\/wp-json\/wp\/v2\/edificis"}],"about":[{"href":"https:\/\/www.48hopenhousebarcelona.org\/ca\/wp-json\/wp\/v2\/types\/edificis"}],"wp:featuredmedia":[{"embeddable":true,"href":"https:\/\/www.48hopenhousebarcelona.org\/ca\/wp-json\/wp\/v2\/media\/50628"}],"wp:attachment":[{"href":"https:\/\/www.48hopenhousebarcelona.org\/ca\/wp-json\/wp\/v2\/media?parent=50543"}],"wp:term":[{"taxonomy":"post_tag","embeddable":true,"href":"https:\/\/www.48hopenhousebarcelona.org\/ca\/wp-json\/wp\/v2\/tags?post=50543"},{"taxonomy":"edicions","embeddable":true,"href":"https:\/\/www.48hopenhousebarcelona.org\/ca\/wp-json\/wp\/v2\/edicions?post=50543"},{"taxonomy":"obert_per","embeddable":true,"href":"https:\/\/www.48hopenhousebarcelona.org\/ca\/wp-json\/wp\/v2\/obert_per?post=50543"},{"taxonomy":"zones","embeddable":true,"href":"https:\/\/www.48hopenhousebarcelona.org\/ca\/wp-json\/wp\/v2\/zones?post=50543"},{"taxonomy":"seccions","embeddable":true,"href":"https:\/\/www.48hopenhousebarcelona.org\/ca\/wp-json\/wp\/v2\/seccions?post=50543"},{"taxonomy":"transports","embeddable":true,"href":"https:\/\/www.48hopenhousebarcelona.org\/ca\/wp-json\/wp\/v2\/transports?post=50543"},{"taxonomy":"estils","embeddable":true,"href":"https:\/\/www.48hopenhousebarcelona.org\/ca\/wp-json\/wp\/v2\/estils?post=50543"},{"taxonomy":"usos_actuals","embeddable":true,"href":"https:\/\/www.48hopenhousebarcelona.org\/ca\/wp-json\/wp\/v2\/usos_actuals?post=50543"},{"taxonomy":"graella","embeddable":true,"href":"https:\/\/www.48hopenhousebarcelona.org\/ca\/wp-json\/wp\/v2\/graella?post=50543"}],"curies":[{"name":"wp","href":"https:\/\/api.w.org\/{rel}","templated":true}]}}