{"id":2341,"date":"2019-09-13T08:59:45","date_gmt":"2019-09-13T08:59:45","guid":{"rendered":"https:\/\/www.48hopenhousebarcelona.org\/?page_id=2341"},"modified":"2026-01-16T10:43:43","modified_gmt":"2026-01-16T10:43:43","slug":"fes-te-volsohb","status":"publish","type":"page","link":"https:\/\/www.48hopenhousebarcelona.org\/ca\/fes-te-volsohb\/","title":{"rendered":"Fes-te #VolsOHB!"},"content":{"rendered":"\n<h4 class=\"wp-block-heading\">1. <strong>QU\u00c8 VOL DIR SER VOLUNTARI?<\/strong><\/h4>\n\n\n\n<div class=\"wp-block-columns is-layout-flex wp-container-core-columns-is-layout-9d6595d7 wp-block-columns-is-layout-flex\">\n<div class=\"wp-block-column is-layout-flow wp-block-column-is-layout-flow\">\n<p><\/p>\n\n\n\n<p>Ser voluntari del festival 48h Open House BCN \u00e9s formar part de la fam\u00edlia Open House i donar suport a una iniciativa que acosta la ciutadania a l\u2019arquitectura.<\/p>\n\n\n\n<p><\/p>\n\n\n\n<p>El festival d\u2019arquitectura de Barcelona \u00e9s possible gr\u00e0cies al suport d\u2019un miler de persones volunt\u00e0ries que permeten organitzar m\u00e9s de 250 activitats (obertura d\u2019edificis i realitzaci\u00f3 d\u2019itineraris) i cobrir totes les visites, les activitats i els actes que es desenvolupen en el marc del festival. Com cada any, convidem tothom a adherir-se al voluntariat del festival.<\/p>\n\n\n\n<p>Per formar part del voluntariat, nom\u00e9s cal que, com a tots nosaltres, t\u2019apassioni el projecte, disposis d\u2019unes hores i tinguis moltes ganes de contribuir-hi i d&#8217;ajudar la fam\u00edlia #VOLSOHB a difondre la cultura arquitect\u00f2nica de Barcelona i de la regi\u00f3 metropolitana. \u00c9s un projecte fet per i per a tothom.&nbsp;La il\u00b7lusi\u00f3 per participar-hi \u00e9s l\u2019\u00fanic requisit!<\/p>\n<\/div>\n\n\n\n<div class=\"wp-block-column is-layout-flow wp-block-column-is-layout-flow\">\n<figure class=\"wp-block-embed is-type-video is-provider-youtube wp-block-embed-youtube wp-embed-aspect-16-9 wp-has-aspect-ratio\"><div class=\"wp-block-embed__wrapper\">\n<iframe loading=\"lazy\" title=\"Participa al festival d&#039;arquitectura #OHB #short\" width=\"640\" height=\"360\" src=\"https:\/\/www.youtube.com\/embed\/A0d_lGBYhpc?feature=oembed\" frameborder=\"0\" allow=\"accelerometer; autoplay; clipboard-write; encrypted-media; gyroscope; picture-in-picture; web-share\" referrerpolicy=\"strict-origin-when-cross-origin\" allowfullscreen><\/iframe>\n<\/div><\/figure>\n<\/div>\n<\/div>\n\n\n\n<h3 class=\"wp-block-heading\"><b>2. QU\u00c8 T\u2019OFERIM?<\/b><\/h3>\n\n\n\n<div class=\"wp-block-group is-vertical is-layout-flex wp-container-core-group-is-layout-8cf370e7 wp-block-group-is-layout-flex\">\n<p><span style=\"font-weight: 400;\">Si ets voluntari del festival:<\/span><\/p>\n\n\n\n<ol class=\"wp-block-list\">\n<li><strong>Tindr\u00e0s el bagatge d&#8217;haver participat en un esdeveniment internacional i d\u2019intercanvi on s\u2019ofereix una experi\u00e8ncia arquitect\u00f2nica \u00fanica al p\u00fablic assistent.<\/strong><\/li>\n\n\n\n<li><strong>Tindr\u00e0s prioritat a l\u2019hora d\u2019accedir als edificis participants (excepte els que requereixin reserva pr\u00e8via).<\/strong><\/li>\n\n\n\n<li><strong>Podr\u00e0s obtenir un cr\u00e8dit ECTS optatiu (si ets estudiant de les universitats col\u00b7laboradores).<\/strong><\/li>\n\n\n\n<li><strong>Obtindr\u00e0s un certificat acreditatiu de la teva participaci\u00f3 en l\u2019esdeveniment en reconeixement a la teva col\u00b7laboraci\u00f3 i implicaci\u00f3 en el projecte.<\/strong><\/li>\n\n\n\n<li><strong>Podr\u00e0s incloure la teva col\u00b7laboraci\u00f3 en aquest esdeveniment arquitect\u00f2nic, cultural,&nbsp; participatiu i de voluntariat a la xarxa LinkedIn<\/strong>.<\/li>\n<\/ol>\n<\/div>\n\n\n\n<div style=\"height:30px\" aria-hidden=\"true\" class=\"wp-block-spacer\"><\/div>\n\n\n\n<h3 class=\"wp-block-heading\"><b>3. INSCRIPCIONS<\/b><\/h3>\n\n\n\n<div class=\"wp-block-group is-vertical is-layout-flex wp-container-core-group-is-layout-8cf370e7 wp-block-group-is-layout-flex\">\n<p>Si t\u2019apassionen l\u2019arquitectura i el disseny, t\u2019agrada el projecte i vols contribuir en aquesta iniciativa amb nosaltres, inscriu-te al nostre formulari i comen\u00e7a a formar part del festival. La teva tasca \u00e9s molt important i l\u2019\u00fanic requisit \u00e9s la il\u00b7lusi\u00f3 de participar-hi.<\/p>\n\n\n\n<p>Abans d\u2019inscriure-t&#8217;hi, tria un dels rols seg\u00fcents (tots els rols s\u00f3n imprescindibles per organitzar l\u2019esdeveniment):<\/p>\n\n\n\n<div style=\"height:0px\" aria-hidden=\"true\" class=\"wp-block-spacer wp-container-content-16d1eb73\"><\/div>\n\n\n\n<div class=\"wp-block-columns alignwide is-layout-flex wp-container-core-columns-is-layout-9d6595d7 wp-block-columns-is-layout-flex\">\n<div class=\"wp-block-column has-pale-ocean-gradient-background has-text-color has-background has-link-color wp-elements-b37f739ad87ef38a88f5fe006f3acc96 is-layout-flow wp-block-column-is-layout-flow\" style=\"color:#000000;padding-top:2em;padding-right:2em;padding-bottom:2em;padding-left:2em\">\n<p style=\"font-size:30px\"><strong><strong>Voluntari d\u2019acc\u00e9s<\/strong><\/strong><\/p>\n\n\n\n<p class=\"has-normal-font-size\" style=\"line-height:1.5\">Informar\u00e0s el p\u00fablic sobre el funcionament del festival, organitzar\u00e0s les cues d\u2019acc\u00e9s a l\u2019edifici que se t&#8217;assignar\u00e0 i contestar\u00e0s preguntes de caire pr\u00e0ctic al p\u00fablic assistent (horaris d\u2019obertura, nombre m\u00e0xim de persones per grup de les visites, edificis propers per visitar\u2026). Tamb\u00e9 atendr\u00e0s el p\u00fablic per informar de la programaci\u00f3 del festival (l\u2019associaci\u00f3 et facilitar\u00e0 tot el material disponible). Per desenvolupar aquest rol, \u00e9s important ser sociable, amable i extravertit per connectar amb la gent i transmetre tota l\u2019energia del festival OHB als visitants!<\/p>\n\n\n\n<hr class=\"wp-block-separator has-text-color has-css-opacity has-background is-style-wide\" style=\"background-color:#000000;color:#000000\"\/>\n\n\n\n<p><strong>Comprom\u00eds:<\/strong><\/p>\n\n\n\n<ul class=\"wp-block-list\">\n<li>Assist\u00e8ncia a la visita pr\u00e8via amb un coordinador de l\u2019equip OHB.<\/li>\n\n\n\n<li>Assist\u00e8ncia a la reuni\u00f3 informativa.<\/li>\n\n\n\n<li>Assist\u00e8ncia a l\u2019edifici assignat durant el cap de setmana del festival, en l\u2019horari pactat.<\/li>\n<\/ul>\n<\/div>\n\n\n\n<div class=\"wp-block-column has-very-light-gray-to-cyan-bluish-gray-gradient-background has-text-color has-background has-link-color wp-elements-62bbd37dfc52721b4420e2a0a9bf28e5 is-layout-flow wp-block-column-is-layout-flow\" style=\"color:#000000;padding-top:2em;padding-right:2em;padding-bottom:2em;padding-left:2em\">\n<p style=\"font-size:30px\"><strong><strong><strong>Voluntari guia<\/strong><\/strong><\/strong><\/p>\n\n\n\n<p class=\"has-normal-font-size\" style=\"line-height:1.5\">Guiar\u00e0s el grup visitant per l\u2019interior de l\u2019edifici explicant-ne l\u2019arquitectura, la hist\u00f2ria i l\u2019\u00fas. L\u2019associaci\u00f3 disposa d\u2019informaci\u00f3 \u00fatil per preparar-se les visites que et lliurar\u00e0 el coordinador, per\u00f2 pot donar-se el cas que hagis de fer recerca pr\u00e8via per informar-te&#8217;n. Per desenvolupar aquesta tasca, pot ser-te \u00fatil tenir coneixements d&#8217;arquitectura, enginyeria, hist\u00f2ria de l\u2019art\u2026<\/p>\n\n\n\n<hr class=\"wp-block-separator has-text-color has-css-opacity has-background is-style-wide\" style=\"background-color:#000000;color:#000000\"\/>\n\n\n\n<p><strong>Comprom\u00eds:<\/strong><\/p>\n\n\n\n<ul class=\"wp-block-list\">\n<li>Assist\u00e8ncia a la visita pr\u00e8via amb un coordinador de l\u2019equip OHB.<\/li>\n\n\n\n<li>Preparaci\u00f3 de la visita: cerca d\u2019informaci\u00f3 i estructuraci\u00f3 de continguts per a la visita guiada.<\/li>\n\n\n\n<li>Assist\u00e8ncia a la reuni\u00f3 informativa.<\/li>\n\n\n\n<li>Assist\u00e8ncia a l\u2019edifici assignat durant el cap de setmana del festival, en l\u2019horari pactat.<\/li>\n<\/ul>\n<\/div>\n<\/div>\n\n\n\n<div style=\"height:0px\" aria-hidden=\"true\" class=\"wp-block-spacer wp-container-content-16d1eb73\"><\/div>\n\n\n\n<div class=\"wp-block-columns alignwide is-layout-flex wp-container-core-columns-is-layout-9d6595d7 wp-block-columns-is-layout-flex\">\n<div class=\"wp-block-column has-blush-light-purple-gradient-background has-text-color has-background has-link-color wp-elements-b4162d160bd20420aa69452801524581 is-layout-flow wp-block-column-is-layout-flow\" style=\"color:#000000;padding-top:2em;padding-right:2em;padding-bottom:2em;padding-left:2em\">\n<p style=\"font-size:30px\"><strong><strong><strong>Voluntari de proximitat<\/strong><\/strong><\/strong><\/p>\n\n\n\n<p class=\"has-normal-font-size\" style=\"line-height:1.5\">Si tens disponibilitat durant el mes d\u2019octubre, aquest rol et permetr\u00e0 introduir-te en l\u2019equip OHB donant suport als voluntaris en una zona del festival. Coneixer\u00e0s tots els edificis de la zona i ajudar\u00e0s els coordinadors a gestionar-ne l\u2019obertura i resoldre possibles incid\u00e8ncies durant el festival. Ser\u00e0s la m\u00e0 dreta del coordinador durant el cap de setmana del festival!<\/p>\n\n\n\n<hr class=\"wp-block-separator has-text-color has-css-opacity has-background is-style-wide\" style=\"background-color:#000000;color:#000000\"\/>\n\n\n\n<p><strong>Comprom\u00eds:<\/strong><\/p>\n\n\n\n<ul class=\"wp-block-list\">\n<li>Assist\u00e8ncia a les visites pr\u00e8vies de cada edifici (cinc o sis edificis) amb un coordinador de l\u2019equip OHB i els voluntaris assignats.<\/li>\n\n\n\n<li>Assist\u00e8ncia a la reuni\u00f3 informativa espec\u00edfica per a voluntaris de proximitat.<\/li>\n\n\n\n<li>Assist\u00e8ncia i itiner\u00e0ncia pels edificis assignats durant el cap de setmana del festival.<\/li>\n<\/ul>\n<\/div>\n\n\n\n<div class=\"wp-block-column has-pale-ocean-gradient-background has-text-color has-background has-link-color wp-elements-ca46579c060ff4e46e516a49d574f813 is-layout-flow wp-block-column-is-layout-flow\" style=\"color:#000000;padding-top:2em;padding-right:2em;padding-bottom:2em;padding-left:2em\">\n<p style=\"font-size:30px\"><strong><strong><strong><b>Voluntari foto i v\u00eddeo<\/b><\/strong><\/strong><\/strong><\/p>\n\n\n\n<p class=\"has-normal-font-size\" style=\"line-height:1.5\">Si t\u2019agraden la fotografia i el v\u00eddeo, aquest \u00e9s el teu rol! Es requereixen persones enteses en&nbsp;aquest \u00e0mbit per poder fotografiar, des del vostre punt de vista, tant els edificis com l&#8217;ambient&nbsp;general del festival (voluntaris, visitants, visites guiades, etc.). Per a aquest rol es requereixen&nbsp;un m\u00e0xim de 2 voluntaris per ciutat: Vilassar de Dalt, Santa Coloma de Gramenet, Badalona,&nbsp;Sant Joan Desp\u00ed, L&#8217;Hospitalet, Sitges i Barcelona.<br>Els voluntaris que vulguin optar a una pla\u00e7a d&#8217;aquest rol, s\u2019han de registrar i ens han de fer&nbsp;arribar el seu blog, portfolio, web o Instagram per poder valorar al correu&nbsp;volsohb@openhousebarcelona.org<\/p>\n\n\n\n<hr class=\"wp-block-separator has-text-color has-css-opacity has-background is-style-wide\" style=\"background-color:#000000;color:#000000\"\/>\n\n\n\n<p><strong>Comprom\u00eds:<\/strong><\/p>\n\n\n\n<ul class=\"wp-block-list\">\n<li>Assist\u00e8ncia a la visita pr\u00e8via dels edificis de la zona assignada.<\/li>\n\n\n\n<li>Assist\u00e8ncia a la reuni\u00f3 informativa espec\u00edfica de voluntaris foto\/v\u00eddeo.<\/li>\n\n\n\n<li>Assist\u00e8ncia a la zona assignada durant el cap de setmana del festival, en l\u2019horari pactat.<\/li>\n<\/ul>\n<\/div>\n<\/div>\n\n\n\n<div style=\"height:0px\" aria-hidden=\"true\" class=\"wp-block-spacer wp-container-content-d613cd94\"><\/div>\n\n\n\n<p>L\u2019associaci\u00f3 48h Open House Barcelona anima els seus voluntaris a utilitzar la llengua catalana durant el festival.  <a href=\"https:\/\/www.48hopenhousebarcelona.org\/wp-content\/uploads\/2020\/10\/Raons-per-adoptar-o-compartir-la-llengua-catalana.pdf\">Raons per adoptar o compartir la llengua catalana<\/a>.<\/p>\n\n\n\n<div style=\"height:0px\" aria-hidden=\"true\" class=\"wp-block-spacer wp-container-content-d613cd94\"><\/div>\n\n\n\n<p><\/p>\n\n\n\n<div style=\"height:0px\" aria-hidden=\"true\" class=\"wp-block-spacer wp-container-content-d613cd94\"><\/div>\n<\/div>\n\n\n\n<p>Si encara et queden dubtes, contacta amb nosaltres a trav\u00e9s de:<\/p>\n\n\n\n<p><a href=\"mailto:volsohb@openhousebarcelona.org\">volsohb@openhousebarcelona.org&nbsp;<\/a><\/p>\n\n\n\n<div class=\"wp-block-group is-nowrap is-layout-flex wp-container-core-group-is-layout-ad2f72ca wp-block-group-is-layout-flex\">\n<figure class=\"wp-block-image size-full\"><img loading=\"lazy\" decoding=\"async\" width=\"240\" height=\"120\" src=\"https:\/\/www.48hopenhousebarcelona.org\/wp-content\/uploads\/2019\/09\/logo_etsab.png\" alt=\"\" class=\"wp-image-403\"\/><\/figure>\n\n\n\n<figure class=\"wp-block-image size-full\"><img loading=\"lazy\" decoding=\"async\" width=\"238\" height=\"168\" src=\"https:\/\/www.48hopenhousebarcelona.org\/wp-content\/uploads\/2019\/11\/uic-new21.png\" alt=\"\" class=\"wp-image-30243\"\/><\/figure>\n\n\n\n<figure class=\"wp-block-image size-full\"><img loading=\"lazy\" decoding=\"async\" width=\"240\" height=\"80\" src=\"https:\/\/www.48hopenhousebarcelona.org\/wp-content\/uploads\/2019\/10\/etsav.jpg\" alt=\"\" class=\"wp-image-4989\"\/><\/figure>\n\n\n\n<figure class=\"wp-block-image size-full\"><img loading=\"lazy\" decoding=\"async\" width=\"638\" height=\"170\" src=\"https:\/\/www.48hopenhousebarcelona.org\/wp-content\/uploads\/2024\/09\/EPSEB-color-fonstransparent.png\" alt=\"\" class=\"wp-image-50914\" srcset=\"https:\/\/www.48hopenhousebarcelona.org\/wp-content\/uploads\/2024\/09\/EPSEB-color-fonstransparent.png 638w, https:\/\/www.48hopenhousebarcelona.org\/wp-content\/uploads\/2024\/09\/EPSEB-color-fonstransparent-300x80.png 300w, https:\/\/www.48hopenhousebarcelona.org\/wp-content\/uploads\/2024\/09\/EPSEB-color-fonstransparent-400x107.png 400w\" sizes=\"auto, (max-width: 638px) 100vw, 638px\" \/><\/figure>\n\n\n\n<figure class=\"wp-block-image size-full\"><img loading=\"lazy\" decoding=\"async\" width=\"225\" height=\"225\" src=\"https:\/\/www.48hopenhousebarcelona.org\/wp-content\/uploads\/2019\/12\/UB.png\" alt=\"\" class=\"wp-image-14739\" srcset=\"https:\/\/www.48hopenhousebarcelona.org\/wp-content\/uploads\/2019\/12\/UB.png 225w, https:\/\/www.48hopenhousebarcelona.org\/wp-content\/uploads\/2019\/12\/UB-100x100.png 100w, https:\/\/www.48hopenhousebarcelona.org\/wp-content\/uploads\/2019\/12\/UB-150x150.png 150w\" sizes=\"auto, (max-width: 225px) 100vw, 225px\" \/><\/figure>\n<\/div>\n\n\n\n<div style=\"height:20px\" aria-hidden=\"true\" class=\"wp-block-spacer\"><\/div>\n","protected":false},"excerpt":{"rendered":"<p>1. QU\u00c8 VOL DIR SER VOLUNTARI? Ser voluntari del festival 48h Open House BCN \u00e9s formar part de la fam\u00edlia Open House i donar suport a una iniciativa que acosta la ciutadania a l\u2019arquitectura. El festival d\u2019arquitectura de Barcelona \u00e9s possible gr\u00e0cies al suport d\u2019un miler de persones volunt\u00e0ries que permeten organitzar m\u00e9s de 250 [&hellip;]<\/p>\n","protected":false},"author":2,"featured_media":53106,"parent":0,"menu_order":0,"comment_status":"closed","ping_status":"closed","template":"template-novapagina.php","meta":{"_acf_changed":false,"footnotes":""},"class_list":["post-2341","page","type-page","status-publish","has-post-thumbnail","hentry"],"acf":[],"_links":{"self":[{"href":"https:\/\/www.48hopenhousebarcelona.org\/ca\/wp-json\/wp\/v2\/pages\/2341","targetHints":{"allow":["GET"]}}],"collection":[{"href":"https:\/\/www.48hopenhousebarcelona.org\/ca\/wp-json\/wp\/v2\/pages"}],"about":[{"href":"https:\/\/www.48hopenhousebarcelona.org\/ca\/wp-json\/wp\/v2\/types\/page"}],"author":[{"embeddable":true,"href":"https:\/\/www.48hopenhousebarcelona.org\/ca\/wp-json\/wp\/v2\/users\/2"}],"replies":[{"embeddable":true,"href":"https:\/\/www.48hopenhousebarcelona.org\/ca\/wp-json\/wp\/v2\/comments?post=2341"}],"version-history":[{"count":85,"href":"https:\/\/www.48hopenhousebarcelona.org\/ca\/wp-json\/wp\/v2\/pages\/2341\/revisions"}],"predecessor-version":[{"id":58887,"href":"https:\/\/www.48hopenhousebarcelona.org\/ca\/wp-json\/wp\/v2\/pages\/2341\/revisions\/58887"}],"wp:featuredmedia":[{"embeddable":true,"href":"https:\/\/www.48hopenhousebarcelona.org\/ca\/wp-json\/wp\/v2\/media\/53106"}],"wp:attachment":[{"href":"https:\/\/www.48hopenhousebarcelona.org\/ca\/wp-json\/wp\/v2\/media?parent=2341"}],"curies":[{"name":"wp","href":"https:\/\/api.w.org\/{rel}","templated":true}]}}