{"id":43046,"date":"2023-07-31T12:25:33","date_gmt":"2023-07-31T12:25:33","guid":{"rendered":"https:\/\/www.48hopenhousebarcelona.org\/?page_id=43046"},"modified":"2026-03-30T15:28:23","modified_gmt":"2026-03-30T15:28:23","slug":"musica-x-arquitectura-edicions","status":"publish","type":"page","link":"https:\/\/www.48hopenhousebarcelona.org\/ca\/musica-x-arquitectura-edicions\/","title":{"rendered":"M\u00fasica x Arquitectura"},"content":{"rendered":"<p><img loading=\"lazy\" decoding=\"async\" class=\"aligncenter wp-image-43244 size-full\" src=\"https:\/\/www.48hopenhousebarcelona.org\/wp-content\/uploads\/2023\/08\/MxA_gral.png\" alt=\"\" width=\"1920\" height=\"1080\" srcset=\"https:\/\/www.48hopenhousebarcelona.org\/wp-content\/uploads\/2023\/08\/MxA_gral.png 1920w, https:\/\/www.48hopenhousebarcelona.org\/wp-content\/uploads\/2023\/08\/MxA_gral-300x169.png 300w, https:\/\/www.48hopenhousebarcelona.org\/wp-content\/uploads\/2023\/08\/MxA_gral-1024x576.png 1024w, https:\/\/www.48hopenhousebarcelona.org\/wp-content\/uploads\/2023\/08\/MxA_gral-768x432.png 768w, https:\/\/www.48hopenhousebarcelona.org\/wp-content\/uploads\/2023\/08\/MxA_gral-1536x864.png 1536w, https:\/\/www.48hopenhousebarcelona.org\/wp-content\/uploads\/2023\/08\/MxA_gral-380x215.png 380w, https:\/\/www.48hopenhousebarcelona.org\/wp-content\/uploads\/2023\/08\/MxA_gral-1320x743.png 1320w, https:\/\/www.48hopenhousebarcelona.org\/wp-content\/uploads\/2023\/08\/MxA_gral-400x225.png 400w\" sizes=\"auto, (max-width: 1920px) 100vw, 1920px\" \/><\/p>\n<p>Es tracta de convidar a gaudir de l\u2019arquitectura i de la m\u00fasica des d\u2019una perspectiva cultural diferent i complement\u00e0ria<br \/>\nCreiem en la mescla d&#8217;arts. Per aix\u00f2 examinem constantment m\u00e8todes, pr\u00e0ctiques i estrat\u00e8gies en la recerca de l&#8217;arquitectura com a cultura. Encara que aquest projecte \u00e9s un esdeveniment ef\u00edmer en el temps i en el seu desenvolupament, s&#8217;espera que l&#8217;efecte sobre l&#8217;espectador sigui a llarg termini: amb aix\u00f3, busquem maneres de recuperar el sentit de pertinen\u00e7a, invertir la invisibilitat de l&#8217;arquitectura i trencar imaginaris urbans.<\/p>\n<p>Fins ara, aquest projecte nom\u00e9s s&#8217;ha dut a terme a Barcelona. En cada edici\u00f3, artistes i te\u00f2rics convidats han explicat l&#8217;arquitectura a trav\u00e9s de la m\u00fasica, la dansa i l&#8217;actuaci\u00f3.<\/p>\n<p>Els artistes van produir peces sonores i visuals relacionades amb espais espec\u00edfics i les seves funcions. Les peces es reprodu\u00efen en directe\u00a0en cada espai escollit. Els te\u00f2rics van explicar la influ\u00e8ncia de la m\u00fasica en l&#8217;arquitectura o la forma dels espais per a la m\u00fasica.<\/p>\n<p>Tant els convidats com els espais sempre han sigut diferents, amb la intenci\u00f3 de manifestar i emfatitzar la diversitat de les persones, valorar l&#8217;est\u00e8tica de l&#8217;arquitectura, i influir en la qualitat de l&#8217;experi\u00e8ncia de tot l&#8217;entorn.<\/p>\n<p>Edicions passades van tenir lloc en espais amb diferents tipologies, segons els valors que s&#8217;acaben d&#8217;explicar:<\/p>\n<p>La prova pilot va ser el 2014, en una carnisseria convertida en casa a la Pla\u00e7a La Virreina, amb Michele &amp; Miquel Architects, Ine Maguire i Concomitance.<\/p>\n<p>El <a href=\"https:\/\/www.youtube.com\/watch?v=EhYkvWmtVms\">2018<\/a>, el Convent de Sant Agust\u00ed va acollir l&#8217;esdeveniment, un edifici modern amb restes barroces, amb Jaime Tellado (Skygaze), Liquid Drone i Datalash.<\/p>\n<p>El <a href=\"https:\/\/www.youtube.com\/watch?v=PiGRc7QpP_o\" target=\"_blank\" rel=\"noopener\">2019<\/a>, el Pavell\u00f3 de Barcelona va ser pres per Ensemble Topogr\u00e0fic, Francesc Tic\u00f3 i Gerard Guerra.<\/p>\n<p>L&#8217;edici\u00f3 <a href=\"https:\/\/www.48hopenhousebarcelona.org\/musica-x-arquitectura-online\/\" target=\"_blank\" rel=\"noopener\">2020<\/a> va ser online, amb un espectacle de Juan J. Ochoa a Cilindre Horta.<\/p>\n<p>El Disseny Hub Barcelona va ser el lloc de l&#8217;esdeveniment del <a href=\"https:\/\/www.48hopenhousebarcelona.org\/reviu-musica-x-arquitectura\/\" target=\"_blank\" rel=\"noopener\">2021<\/a>, amb Roberto Orenes, N\u00faria Moliner i Datalash.<\/p>\n<p>L&#8217;edici\u00f3 del <a href=\"https:\/\/www.48hopenhousebarcelona.org\/musica-x-arquitectura-22\/\" target=\"_blank\" rel=\"noopener\">2022<\/a>\u00a0va tenir lloc a CASA SEAT amb tres peces diferents: els concerts de Ramon Faura i Jason Kol\u00e0r, i la instal\u00b7laci\u00f3 de Calepinage.<\/p>\n<p>A partir de l&#8217;any <a href=\"https:\/\/www.48hopenhousebarcelona.org\/musica-x-arquitectura-sobre-al-mon\/\" target=\"_blank\" rel=\"noopener\">2023<\/a>, el projecte es va dividir en dues seccions:\u00a0<strong>MxA-V\u00eddeo<\/strong> \u00e9s un concurs internacional que recull v\u00eddeos de car\u00e0cter experimental relacionats amb l\u2019arquitectura; i\u00a0<strong>MxA-Concert<\/strong> que consta de l\u2019actuaci\u00f3 en directe de projectes locals. Aquesta edici\u00f3 va tenir lloc a l&#8217;IAAC amb la presentaci\u00f3 dels 10 finalistes i els tres guanaydors de MxA-V\u00eddeo, m\u00e9s l&#8217;actuaci\u00f3 en directe de Papenheim i Syneba.<\/p>\n<p>L&#8217;edici\u00f3 del <a href=\"https:\/\/www.48hopenhousebarcelona.org\/musica-x-arquitectura-2024\/\" target=\"_blank\" rel=\"noopener\">2024 ,<\/a>es va celebrar en Recinte Modernista de Sant Pau, amb la projecci\u00f3 de les obres finalistes de <strong>MxA-V\u00eddeo<\/strong>, concurs internacional que recull v\u00eddeos de car\u00e0cter experimental relacionats amb l&#8217;arquitectura; i <strong>MxA-Concert<\/strong> amb l&#8217;actuaci\u00f3 de Sunesis i DA::MA.<\/p>\n<p>L&#8217;edici\u00f3 del <a href=\"https:\/\/www.48hopenhousebarcelona.org\/ca\/musica-x-arquitectura-a-casa-montjuic\/\" target=\"_blank\" rel=\"noopener\">2025 <\/a>es va celebrar en Casa Montju\u00efc, amb la projecci\u00f3 de les obres finalistes de <strong>MxA-V\u00eddeo<\/strong>, concurs internacional que recull v\u00eddeos de car\u00e0cter experimental relacionats amb l&#8217;arquitectura; i <strong>MxA-Concert<\/strong> amb l&#8217;actuaci\u00f3 de Camile Duhart i Nicol\u00e1s Melmann.<\/p>\n<p>A <a href=\"https:\/\/www.48hopenhousebarcelona.org\/ca\/els-edificis\/musica-x-arquitectura-experiencia-audiovisual-immersiva\/\">l\u2019Open Barri 2026<\/a> a la Casa de l\u2019Aigua de la Trinitat Nova\u00a0 \u201cLa mem\u00f2ria de l\u2019aigua\u201d, intervenci\u00f3 sonora i visual de <strong>Mark Allen Soul<\/strong>\u00a0i\u00a0<strong>Continental Breakfast<\/strong> que van reomplir els antics camins de l\u2019aigua a l\u2019edifici.<\/p>\n<p><b><br \/>\nMxA convida a gaudir de l&#8217;arquitectura i de la m\u00fasica des d&#8217;una perspectiva cultural diferent i complement\u00e0ria.<\/b><\/p>\n<p>&nbsp;<\/p>\n<p>Amb el suport de:<\/p>\n<p><img loading=\"lazy\" decoding=\"async\" class=\"alignnone size-full wp-image-256\" src=\"https:\/\/www.48hopenhousebarcelona.org\/wp-content\/uploads\/2019\/09\/logo_aj_barcelona.png\" alt=\"\" width=\"240\" height=\"90\" \/> <img loading=\"lazy\" decoding=\"async\" class=\"alignnone size-medium wp-image-3918\" src=\"https:\/\/www.48hopenhousebarcelona.org\/wp-content\/uploads\/2019\/09\/AMB-logo-vector-amb-1-300x63.jpg\" alt=\"\" width=\"300\" height=\"63\" srcset=\"https:\/\/www.48hopenhousebarcelona.org\/wp-content\/uploads\/2019\/09\/AMB-logo-vector-amb-1-300x63.jpg 300w, https:\/\/www.48hopenhousebarcelona.org\/wp-content\/uploads\/2019\/09\/AMB-logo-vector-amb-1-400x85.jpg 400w, https:\/\/www.48hopenhousebarcelona.org\/wp-content\/uploads\/2019\/09\/AMB-logo-vector-amb-1.jpg 520w\" sizes=\"auto, (max-width: 300px) 100vw, 300px\" \/><\/p>\n<p>&nbsp;<\/p>\n<p><img loading=\"lazy\" decoding=\"async\" class=\"aligncenter wp-image-43196 size-full\" src=\"https:\/\/www.48hopenhousebarcelona.org\/wp-content\/uploads\/2023\/07\/1500x600-picto48h-ok.jpg\" alt=\"\" width=\"1500\" height=\"600\" srcset=\"https:\/\/www.48hopenhousebarcelona.org\/wp-content\/uploads\/2023\/07\/1500x600-picto48h-ok.jpg 1500w, https:\/\/www.48hopenhousebarcelona.org\/wp-content\/uploads\/2023\/07\/1500x600-picto48h-ok-300x120.jpg 300w, https:\/\/www.48hopenhousebarcelona.org\/wp-content\/uploads\/2023\/07\/1500x600-picto48h-ok-1024x410.jpg 1024w, https:\/\/www.48hopenhousebarcelona.org\/wp-content\/uploads\/2023\/07\/1500x600-picto48h-ok-768x307.jpg 768w, https:\/\/www.48hopenhousebarcelona.org\/wp-content\/uploads\/2023\/07\/1500x600-picto48h-ok-1320x528.jpg 1320w, https:\/\/www.48hopenhousebarcelona.org\/wp-content\/uploads\/2023\/07\/1500x600-picto48h-ok-400x160.jpg 400w\" sizes=\"auto, (max-width: 1500px) 100vw, 1500px\" \/><\/p>\n","protected":false},"excerpt":{"rendered":"<p>Es tracta de convidar a gaudir de l\u2019arquitectura i de la m\u00fasica des d\u2019una perspectiva cultural diferent i complement\u00e0ria Creiem en la mescla d&#8217;arts. Per aix\u00f2 examinem constantment m\u00e8todes, pr\u00e0ctiques i estrat\u00e8gies en la recerca de l&#8217;arquitectura com a cultura. Encara que aquest projecte \u00e9s un esdeveniment ef\u00edmer en el temps i en el seu [&hellip;]<\/p>\n","protected":false},"author":2,"featured_media":42339,"parent":0,"menu_order":0,"comment_status":"closed","ping_status":"closed","template":"template-novapagina.php","meta":{"_acf_changed":false,"footnotes":""},"class_list":["post-43046","page","type-page","status-publish","has-post-thumbnail","hentry"],"acf":[],"_links":{"self":[{"href":"https:\/\/www.48hopenhousebarcelona.org\/ca\/wp-json\/wp\/v2\/pages\/43046","targetHints":{"allow":["GET"]}}],"collection":[{"href":"https:\/\/www.48hopenhousebarcelona.org\/ca\/wp-json\/wp\/v2\/pages"}],"about":[{"href":"https:\/\/www.48hopenhousebarcelona.org\/ca\/wp-json\/wp\/v2\/types\/page"}],"author":[{"embeddable":true,"href":"https:\/\/www.48hopenhousebarcelona.org\/ca\/wp-json\/wp\/v2\/users\/2"}],"replies":[{"embeddable":true,"href":"https:\/\/www.48hopenhousebarcelona.org\/ca\/wp-json\/wp\/v2\/comments?post=43046"}],"version-history":[{"count":65,"href":"https:\/\/www.48hopenhousebarcelona.org\/ca\/wp-json\/wp\/v2\/pages\/43046\/revisions"}],"predecessor-version":[{"id":61059,"href":"https:\/\/www.48hopenhousebarcelona.org\/ca\/wp-json\/wp\/v2\/pages\/43046\/revisions\/61059"}],"wp:featuredmedia":[{"embeddable":true,"href":"https:\/\/www.48hopenhousebarcelona.org\/ca\/wp-json\/wp\/v2\/media\/42339"}],"wp:attachment":[{"href":"https:\/\/www.48hopenhousebarcelona.org\/ca\/wp-json\/wp\/v2\/media?parent=43046"}],"curies":[{"name":"wp","href":"https:\/\/api.w.org\/{rel}","templated":true}]}}