{"id":44856,"date":"2025-09-28T08:51:09","date_gmt":"2025-09-28T08:51:09","guid":{"rendered":"https:\/\/www.48hopenhousebarcelona.org\/?page_id=44856"},"modified":"2026-02-05T16:40:38","modified_gmt":"2026-02-05T16:40:38","slug":"opengram-premi-silvia-contreras-25","status":"publish","type":"page","link":"https:\/\/www.48hopenhousebarcelona.org\/ca\/opengram-premi-silvia-contreras-25\/","title":{"rendered":"OPENGRAM &#8211; PREMI SILVIA CONTRERAS"},"content":{"rendered":"\r\n<h3 class=\"wp-block-heading\">\u00a0Del 25 d&#8217;octubre al 9 de novembre del 2025<br \/>#sentlarquitecturaOHB #opengram25<\/h3>\r\n\r\n\r\n\r\n<p><strong>Opengram &#8211; Premi Silvia Contreras<\/strong>\u00a0\u00e9s una activitat que vincula l\u2019arquitectura, una disciplina art\u00edstica que imagina i construeix espais per a l\u2019\u00fas hum\u00e0, i la fotografia, eina fonamental per divulgar-la, compartir-la i entendre-la. A partir de l&#8217;any 2022, el premi rep el nom Premi S\u00edlvia Contreras, en agra\u00efment a l&#8217;arquitecta que el 2019 va interpretar Pilar Casas Mur, va dissenyar les exposicions &#8216;I like Barcelona&#8217; i &#8216;La teva exposici\u00f3 i la meva&#8217;, i que sempre es va implicar amb l&#8217;associaci\u00f3.<\/p>\r\n\r\n\r\n\r\n<p>Per participar en el concurs Opengram, s\u2019ha de tenir un compte a Instagram amb un perfil p\u00fablic i respectar les\u00a0<a href=\"http:\/\/http\/instagram.com\/legal\/terms\/\">condicions d&#8217;aquesta xarxa<\/a>.<\/p>\r\n\r\n\r\n\r\n<h3 class=\"wp-block-heading\">Tema<\/h3>\r\n\r\n\r\n\r\n<p><strong>Sent l&#8217;arquitectura<\/strong><br \/>Es tracta de presentar fotografies en les quals\u00a0s&#8217;emfatitzi <strong>l&#8217;experi\u00e8ncia sensorial<\/strong> que produeixen els espais i els edificis que estiguin dis de la programaci\u00f3 del festival.\u00a0<\/p>\r\n\r\n\r\n\r\n<h3 class=\"wp-block-heading\"><br \/>Dates<\/h3>\r\n\r\n\r\n\r\n<p>&#8211; Es poden compartir fotos fins al dia <strong>9 de novembre de 2025 a les 23.59h<\/strong>.<\/p>\r\n<p>&#8211; El lliurament de premis es far\u00e0 el\u00a0<strong>26 de novembre de 2025<\/strong>.<\/p>\r\n\r\n\r\n\r\n<h3 class=\"wp-block-heading\"><br \/>Com participar-hi<\/h3>\r\n\r\n\r\n\r\n<p>&#8211; Expliqueu en imatges l&#8217;experi\u00e8ncia sensorial als edificis que participen en la programaci\u00f3 del festival d&#8217;enguany.<\/p>\r\n\r\n\r\n\r\n<p>&#8211; Compartiu les imatges a Instagram, feu servir les vostres etiquetes d\u2019arquitectura i afegiu-hi les nostres: #sentlarquitecturaOHB i #Opengram25.<\/p>\r\n\r\n\r\n\r\n<p>&#8211; No hi ha limitaci\u00f3\u0301 en la quantitat de fotografies per participant i no es tindran en compte les valoracions d&#8217;altres usuaris sobre les fotografies que participin en el concurs.<\/p>\r\n\r\n\r\n\r\n<h3 class=\"wp-block-heading\"><br \/>Com han de ser les fotografies<\/h3>\r\n\r\n\r\n\r\n<p>&#8211; Les fotografies s\u2019han d\u2019haver fet a les ciutats participants en el festival (Barcelona, L\u2019Hospitalet, Badalona, Santa Coloma de Gramenet, Sant Joan Desp\u00ed, Vilassar de Dalt i Sitges), a edificis inclosos a la programaci\u00f3 d\u2019enguany i durant el per\u00edode del concurs.<\/p>\r\n\r\n\r\n\r\n<p>&#8211; \u00c9s preferible ubicar geogr\u00e0ficament (marcatge) les fotografies (tot i que les imatges no ubicades geogr\u00e0ficament no quedaran excloses del concurs).<\/p>\r\n\r\n\r\n\r\n<p>&#8211; \u00c9s preferible posar un\u00a0t\u00edtol\u00a0a la fotografia i\u00a0descriure\u00a0en 125-150 car\u00e0cters la relaci\u00f3 amb el tema del concurs.<\/p>\r\n\r\n\r\n\r\n<p>&#8211; \u00c9s preferible fer un comentari mencionant el compte d&#8217;Instagram @48hopenhousebcn (tot i que les fotografies que no incorporin el comentari no quedaran excloses del concurs)<\/p>\r\n\r\n\r\n\r\n<h3 class=\"wp-block-heading\"><strong>Jurat<\/strong><\/h3>\r\n\r\n\r\n\r\n<p>El jurat est\u00e0 format per:<\/p>\r\n\r\n\r\n\r\n<p>&#8211; Saramba, Social Media Managers del festival 48h Open House BCN.<br \/>&#8211; Elisenda Bonet, directora del festival 48h Open House BCN.<br \/>&#8211; Nicanor Garc\u00eda, arquitecte i fot\u00f2graf professional d&#8217;arquitectura i viatges, col\u00b7laborador del 48h Open House BCN.<\/p>\r\n\r\n\r\n\r\n<h3 class=\"wp-block-heading\"><br \/><strong>Premis<\/strong><\/h3>\r\n\r\n\r\n\r\n<p><strong>Finalistes:<\/strong>\u00a0el jurat seleccionar\u00e0\u00a0<strong>deu fotografies finalistes<\/strong>\u00a0que s\u2019exposaran durant el lliurament de premis dels concursos. Els deu concursants seleccionats rebran la seva foto impresa.<\/p>\r\n\r\n\r\n\r\n<p><strong>Guanyador del Opengram 25 &#8211; Premi Silvia Contreras:<\/strong>\u00a0dels deu finalistes, el jurat triar\u00e0 la millor foto. Aquest guanyador, a m\u00e9s de la foto impresa, rebr\u00e0 un gerro de TotCor i dos packs d\u2019AMIC OH26.<\/p>\r\n\r\n\r\n\r\n<p><strong>Guanyador del Premi Popular Opengram 25:<\/strong>\u00a0un cop escollits els deu finalistes del concurs Opengram24, l\u2019associaci\u00f3 compartir\u00e0 les fotografies al seu perfil d&#8217;Instagram a partir del 18 de novembre. Les 5 imatges compartides al perfil 48h Open House BCN que obtinguin m\u00e9s\u00a0<em>likes<\/em>\u00a0(incloent-hi els que es rebran durant l&#8217;acte de presentaci\u00f3\u0301 de finalistes) entraran en el sorteig on es triar\u00e0 a un \u00fanic guanyador que rebr\u00e0, a m\u00e9s a m\u00e9s de la foto impresa, rebr\u00e0 una targeta regal de la Cooperativa LaCapell i dos packs d\u2019AMIC OHB26.<\/p>\r\n\r\n\r\n\r\n<p><a href=\"https:\/\/www.48hopenhousebarcelona.org\/politica-privacitat\/\">Consulteu tota la pol\u00edtica de privacitat.<\/a><\/p>\r\n\r\n\r\n\r\n<p>Amb la col\u00b7laboraci\u00f3 de:<\/p>\r\n\r\n\r\n\r\n<figure class=\"wp-block-image is-resized\"><img decoding=\"async\" style=\"width: 212px;\" src=\"https:\/\/www.48hopenhousebarcelona.org\/wp-content\/uploads\/2022\/09\/La_Capell-300x255.png\" alt=\"\" \/><img loading=\"lazy\" decoding=\"async\" class=\"alignnone size-medium wp-image-57305\" src=\"https:\/\/www.48hopenhousebarcelona.org\/wp-content\/uploads\/2025\/10\/Tot_Cor_Logo-300x108.jpeg\" alt=\"\" width=\"300\" height=\"108\" srcset=\"https:\/\/www.48hopenhousebarcelona.org\/wp-content\/uploads\/2025\/10\/Tot_Cor_Logo-300x108.jpeg 300w, https:\/\/www.48hopenhousebarcelona.org\/wp-content\/uploads\/2025\/10\/Tot_Cor_Logo-400x144.jpeg 400w, https:\/\/www.48hopenhousebarcelona.org\/wp-content\/uploads\/2025\/10\/Tot_Cor_Logo.jpeg 500w\" sizes=\"auto, (max-width: 300px) 100vw, 300px\" \/><\/figure>\r\n\r\n\r\n\r\n<div class=\"wp-block-spacer\" style=\"height: 100px;\" aria-hidden=\"true\">\u00a0<\/div>\r\n\r\n\r\n\r\n<p>&nbsp;<\/p>\r\n","protected":false},"excerpt":{"rendered":"<p>\u00a0Del 25 d&#8217;octubre al 9 de novembre del 2025#sentlarquitecturaOHB #opengram25 Opengram &#8211; Premi Silvia Contreras\u00a0\u00e9s una activitat que vincula l\u2019arquitectura, una disciplina art\u00edstica que imagina i construeix espais per a l\u2019\u00fas hum\u00e0, i la fotografia, eina fonamental per divulgar-la, compartir-la i entendre-la. A partir de l&#8217;any 2022, el premi rep el nom Premi S\u00edlvia Contreras, [&hellip;]<\/p>\n","protected":false},"author":26,"featured_media":57159,"parent":0,"menu_order":0,"comment_status":"closed","ping_status":"closed","template":"template-novapagina.php","meta":{"_acf_changed":false,"footnotes":""},"class_list":["post-44856","page","type-page","status-publish","has-post-thumbnail","hentry"],"acf":[],"_links":{"self":[{"href":"https:\/\/www.48hopenhousebarcelona.org\/ca\/wp-json\/wp\/v2\/pages\/44856","targetHints":{"allow":["GET"]}}],"collection":[{"href":"https:\/\/www.48hopenhousebarcelona.org\/ca\/wp-json\/wp\/v2\/pages"}],"about":[{"href":"https:\/\/www.48hopenhousebarcelona.org\/ca\/wp-json\/wp\/v2\/types\/page"}],"author":[{"embeddable":true,"href":"https:\/\/www.48hopenhousebarcelona.org\/ca\/wp-json\/wp\/v2\/users\/26"}],"replies":[{"embeddable":true,"href":"https:\/\/www.48hopenhousebarcelona.org\/ca\/wp-json\/wp\/v2\/comments?post=44856"}],"version-history":[{"count":20,"href":"https:\/\/www.48hopenhousebarcelona.org\/ca\/wp-json\/wp\/v2\/pages\/44856\/revisions"}],"predecessor-version":[{"id":59521,"href":"https:\/\/www.48hopenhousebarcelona.org\/ca\/wp-json\/wp\/v2\/pages\/44856\/revisions\/59521"}],"wp:featuredmedia":[{"embeddable":true,"href":"https:\/\/www.48hopenhousebarcelona.org\/ca\/wp-json\/wp\/v2\/media\/57159"}],"wp:attachment":[{"href":"https:\/\/www.48hopenhousebarcelona.org\/ca\/wp-json\/wp\/v2\/media?parent=44856"}],"curies":[{"name":"wp","href":"https:\/\/api.w.org\/{rel}","templated":true}]}}