{"id":55247,"date":"2025-09-02T11:53:35","date_gmt":"2025-09-02T11:53:35","guid":{"rendered":"https:\/\/www.48hopenhousebarcelona.org\/?page_id=55247"},"modified":"2025-10-21T09:38:25","modified_gmt":"2025-10-21T09:38:25","slug":"inscripcions-2025","status":"publish","type":"page","link":"https:\/\/www.48hopenhousebarcelona.org\/ca\/inscripcions-2025\/","title":{"rendered":"INSCRIPCIONS 2025"},"content":{"rendered":"\r\n<div class=\"wp-block-spacer\" style=\"height: 30px;\" aria-hidden=\"true\">\u00a0<\/div>\r\n\r\n\r\n\r\n<p>Aquestes activitats s\u00f3n itineraris i edificis d&#8217;infraestructures que necessiten inscripci\u00f3.<\/p>\r\n\r\n\r\n\r\n<p>Despeses de 3 euros per a les inscripcions realitzades a trav\u00e9s de la plataforma Evenbrite.<\/p>\r\n\r\n\r\n\r\n<p>L\u2019acc\u00e9s prioritari a aquestes activitats i itineraris no estan inclosos en l\u2019acreditaci\u00f3 d\u2019amics del festival.<\/p>\r\n\r\n\r\n<hr class=\"wp-block-separator has-alpha-channel-opacity\" \/>\r\n\r\n\r\n<div class=\"wp-block-spacer\" style=\"height: 50px;\" aria-hidden=\"true\">\u00a0<\/div>\r\n\r\n\r\n\r\n<h3 class=\"wp-block-heading\">BADALONA<\/h3>\r\n\r\n\r\n<hr class=\"wp-block-separator has-alpha-channel-opacity\" \/>\r\n\r\n\r\n<div class=\"wp-block-columns is-layout-flex wp-container-core-columns-is-layout-9d6595d7 wp-block-columns-is-layout-flex\">\r\n<div class=\"wp-block-column is-layout-flow wp-block-column-is-layout-flow\">\r\n<p><strong>ITINERARI JOAN AMIG\u00d3<\/strong><\/p>\r\n\r\n\r\n\r\n<p>Diumenge 26 a les 10:30 h<\/p>\r\n\r\n\r\n\r\n<p><a href=\"https:\/\/www.eventbrite.es\/e\/entradas-itinerari-joan-amigo-bdn-ohb25-1743678893509?aff=ebdsoporgprofile\">Inscriu-te!<\/a><\/p>\r\n<\/div>\r\n\r\n\r\n\r\n<div class=\"wp-block-column is-layout-flow wp-block-column-is-layout-flow\">\r\n<p><strong>MASIA CAN MIRAVITGES<\/strong><\/p>\r\n\r\n\r\n\r\n<p>Diumenge 26 a les 10:30 i a les 12h<\/p>\r\n\r\n\r\n\r\n<p><a href=\"https:\/\/www.eventbrite.es\/e\/entradas-can-miravitges-bdn-ohb25-1784461806299?aff=ebdsoporgprofile\">Inscriu-te!<\/a><\/p>\r\n<\/div>\r\n<\/div>\r\n\r\n\r\n<hr class=\"wp-block-separator has-alpha-channel-opacity\" \/>\r\n\r\n<hr class=\"wp-block-separator has-alpha-channel-opacity\" \/>\r\n\r\n\r\n<div class=\"wp-block-spacer\" style=\"height: 50px;\" aria-hidden=\"true\">\u00a0<\/div>\r\n\r\n\r\n\r\n<h3 class=\"wp-block-heading\">BARCELONA<\/h3>\r\n\r\n\r\n\r\n<div class=\"wp-block-columns is-layout-flex wp-container-core-columns-is-layout-9d6595d7 wp-block-columns-is-layout-flex\">\r\n<div class=\"wp-block-column is-layout-flow wp-block-column-is-layout-flow\">\r\n<p><strong>RECINTE SANT PAU &#8211; ITINERARI HOSPITAL DE LA SANTA CREU I SANT PAU<\/strong><\/p>\r\n\r\n\r\n\r\n<p>Dissabte 25 de 10 a 14 h<\/p>\r\n\r\n\r\n\r\n<p><a href=\"https:\/\/www.eventbrite.es\/e\/entradas-recinte-sant-pau-itinerari-hospital-de-la-santa-creu-i-sant-pau-ohb25-1784155249379?aff=ebdsoporgprofile\">Inscriu-te!<\/a><\/p>\r\n<\/div>\r\n\r\n\r\n\r\n<div class=\"wp-block-column is-layout-flow wp-block-column-is-layout-flow\">\r\n<p><strong>RECINTE SANT PAU &#8211; ITINERARI RECINTE MODERNISTA DE SANT PAU<\/strong><\/p>\r\n\r\n\r\n\r\n<p>Dissabte 25 visites a les 15:30, 16, 16:30 i 17 h<\/p>\r\n\r\n\r\n\r\n<p>Activitat cancel\u00b7lada<\/p>\r\n<\/div>\r\n<\/div>\r\n\r\n\r\n<hr class=\"wp-block-separator has-alpha-channel-opacity\" \/>\r\n\r\n\r\n<div class=\"wp-block-columns is-layout-flex wp-container-core-columns-is-layout-9d6595d7 wp-block-columns-is-layout-flex\">\r\n<div class=\"wp-block-column is-layout-flow wp-block-column-is-layout-flow\">\r\n<p><strong>REFUGI ANTIAERI + MAS GUINARD\u00d3 <span style=\"color: #ff0000;\">[\u00daLTIMA HORA: VISITA SENSE INSCRIPCI\u00d3]<\/span><\/strong><\/p>\r\n\r\n\r\n\r\n<p>Dissabte 25 a les 10, 10.30, 11, 11.30, 12, 12.30 i a les 13 h<\/p>\r\n\r\n\r\n<\/div>\r\n\r\n\r\n\r\n<div class=\"wp-block-column is-layout-flow wp-block-column-is-layout-flow\">\r\n<p><strong>EDAR BES\u00d3S<\/strong><\/p>\r\n\r\n\r\n\r\n<p>Dissabte 25 visites a les 11 i 12:30 h<\/p>\r\n\r\n\r\n\r\n<p><a href=\"https:\/\/www.eventbrite.es\/e\/entradas-edar-besos-ohb25-1741699192169?aff=ebdsoporgprofile\">Inscriu-te!<\/a><\/p>\r\n<\/div>\r\n<\/div>\r\n\r\n\r\n<hr class=\"wp-block-separator has-alpha-channel-opacity\" \/>\r\n\r\n\r\n<div class=\"wp-block-columns is-layout-flex wp-container-core-columns-is-layout-9d6595d7 wp-block-columns-is-layout-flex\">\r\n<div class=\"wp-block-column is-layout-flow wp-block-column-is-layout-flow\">\r\n<p><strong>ITINERARI L&#8217;HABITATGE COOPERATIU A NOU BARRIS<\/strong><\/p>\r\n\r\n\r\n\r\n<p>Dissabte 25 visites a les 11, 12 i 13 h<\/p>\r\n\r\n\r\n\r\n<p><a href=\"https:\/\/www.eventbrite.es\/e\/entradas-itinerari-lhabitatge-cooperatiu-a-nou-barris-ohb25-1787039295639?aff=ebdsoporgprofile\">Inscriu-te!<\/a><\/p>\r\n<\/div>\r\n\r\n\r\n\r\n<div class=\"wp-block-column is-layout-flow wp-block-column-is-layout-flow\">\r\n<p><strong>ITINERARI L&#8217;HABITATGE COOPERATIU A POBLENOU<\/strong><\/p>\r\n\r\n\r\n\r\n<p>Dissabte 25 visites a les 11 i 13 h<\/p>\r\n\r\n\r\n\r\n<p><a href=\"https:\/\/www.eventbrite.es\/e\/entradas-itinerari-lhabitatge-cooperatiu-a-poblenou-ohb25-1787607344689?aff=ebdsoporgprofile\">Inscriu-te!<\/a><\/p>\r\n<\/div>\r\n<\/div>\r\n\r\n\r\n<hr class=\"wp-block-separator has-alpha-channel-opacity\" \/>\r\n\r\n\r\n<div class=\"wp-block-columns is-layout-flex wp-container-core-columns-is-layout-9d6595d7 wp-block-columns-is-layout-flex\">\r\n<div class=\"wp-block-column is-layout-flow wp-block-column-is-layout-flow\">\r\n<p><strong>PAVELLONS DE LA SEAT &#8211; COL\u00b7LECCI\u00d3 DE COTXES HIST\u00d2RICS<\/strong><\/p>\r\n\r\n\r\n\r\n<p>Dissabte 25 i diumenge 26 a les 9 i 11.30 h<\/p>\r\n\r\n\r\n\r\n<p><a href=\"https:\/\/www.eventbrite.es\/e\/entradas-itinerari-pavellons-de-la-seat-colleccio-de-cotxes-i-menjadors-ohb25-1761111504919?aff=ebdsoporgprofile\">Inscriu-te!<\/a><\/p>\r\n<\/div>\r\n\r\n\r\n\r\n<div class=\"wp-block-column is-layout-flow wp-block-column-is-layout-flow\">\r\n<p><strong>SEU CORPORATIVA AMB<\/strong><\/p>\r\n\r\n\r\n\r\n<p>\u00a0<br \/>Diumenge a les 10, 11:30 i 13 h<\/p>\r\n\r\n\r\n\r\n<p><a href=\"https:\/\/www.eventbrite.es\/e\/seu-corporativa-amb-ohb25-tickets-1743597078799?aff=ebdsoporgprofile\">Inscriu-te!<\/a><\/p>\r\n<\/div>\r\n<\/div>\r\n\r\n\r\n<hr class=\"wp-block-separator has-alpha-channel-opacity\" \/>\r\n\r\n\r\n<div class=\"wp-block-columns is-layout-flex wp-container-core-columns-is-layout-9d6595d7 wp-block-columns-is-layout-flex\">\r\n<div class=\"wp-block-column is-layout-flow wp-block-column-is-layout-flow\">\r\n<p><strong>EDAR BAIX LLOBREGAT<\/strong><\/p>\r\n<\/div>\r\n<div class=\"wp-block-column\">\r\n\r\n\r\n<p>Diumenge 26 visites a les 11 i 12:30 h<\/p>\r\n\r\n\r\n\r\n<p><a href=\"https:\/\/www.eventbrite.es\/e\/entradas-edar-baix-llobregat-ohb25-1741782431139?aff=ebdsoporgprofile\">Inscriu-te!<\/a><\/p>\r\n<\/div>\r\n<\/div>\r\n\r\n\r\n<hr class=\"wp-block-separator has-alpha-channel-opacity\" \/>\r\n\r\n\r\n<div class=\"wp-block-columns is-layout-flex wp-container-core-columns-is-layout-9d6595d7 wp-block-columns-is-layout-flex\">\r\n<div class=\"wp-block-column is-layout-flow wp-block-column-is-layout-flow\">\r\n<p><strong>TORRE DE COLLSEROLA<\/strong><\/p>\r\n\r\n\r\n\r\n<p>Diumenge 26 octubre a les 10 h i 11:45 h<\/p>\r\n\r\n\r\n\r\n<p><a href=\"https:\/\/www.eventbrite.es\/e\/registro-torre-collserola-ohb25-1769142696429?aff=ebdsoporgprofile\">Inscriu-te!<\/a><\/p>\r\n\r\n\r\n\r\n<p>&nbsp;<\/p>\r\n<\/div>\r\n\r\n\r\n\r\n<div class=\"wp-block-column is-layout-flow wp-block-column-is-layout-flow\">\r\n<p><strong>TORRE DE LES AIG\u00dcES DEL TIBIDABO<\/strong><\/p>\r\n\r\n\r\n\r\n<p>Dissabte 25 i diumenge 26 visites a les 10, 10.45, 11.30, 12.15, 13.00, 13.45, 14.30, 15.15, 16 I 16.45 h<\/p>\r\n\r\n\r\n\r\n<p><a href=\"https:\/\/www.eventbrite.es\/e\/entradas-torre-daigues-del-tibidabo-ohb25-1743631421519?aff=ebdsoporgprofile\">Inscriu-te!<\/a><\/p>\r\n<\/div>\r\n<\/div>\r\n\r\n\r\n<hr class=\"wp-block-separator has-alpha-channel-opacity\" \/>\r\n\r\n<hr class=\"wp-block-separator has-alpha-channel-opacity\" \/>\r\n\r\n\r\n<div class=\"wp-block-spacer\" style=\"height: 50px;\" aria-hidden=\"true\">\u00a0<\/div>\r\n\r\n\r\n\r\n<h3 class=\"wp-block-heading\">SANTA COLOMA DE GRAMENET<\/h3>\r\n\r\n\r\n<hr class=\"wp-block-separator has-alpha-channel-opacity\" \/>\r\n\r\n\r\n<div class=\"wp-block-columns is-layout-flex wp-container-core-columns-is-layout-9d6595d7 wp-block-columns-is-layout-flex\">\r\n<div class=\"wp-block-column is-layout-flow wp-block-column-is-layout-flow\">\r\n<p><strong>REFUGI ANTIAERI TORRE BALLDOVINA<\/strong><\/p>\r\n\r\n\r\n\r\n<p>Dissabte 25 i diumenge 26, a les 11, 12 i 13 h<\/p>\r\n\r\n\r\n\r\n<p><a href=\"https:\/\/www.eventbrite.es\/e\/entradas-refugi-antiaeri-torre-balldovina-scg-ohb25-1733951608939?aff=ebdsoporgprofile\">Inscriu-te!<\/a><\/p>\r\n<\/div>\r\n\r\n\r\n\r\n<div class=\"wp-block-column is-layout-flow wp-block-column-is-layout-flow\">\r\n<p><strong>TORRE PALLARESA<\/strong><\/p>\r\n\r\n\r\n\r\n<p>Diumenge 26 visites a les 10 i a les 12 h<\/p>\r\n\r\n\r\n\r\n<p><a href=\"https:\/\/www.eventbrite.es\/e\/entradas-torre-pallaresa-scg-ohb25-1745876085369?aff=ebdsoporgprofile\">Inscriu-te!<\/a><\/p>\r\n<\/div>\r\n<\/div>\r\n\r\n\r\n<hr class=\"wp-block-separator has-alpha-channel-opacity\" \/>\r\n\r\n<hr class=\"wp-block-separator has-alpha-channel-opacity\" \/>\r\n\r\n\r\n<div class=\"wp-block-spacer\" style=\"height: 50px;\" aria-hidden=\"true\">\u00a0<\/div>\r\n\r\n\r\n\r\n<h3 class=\"wp-block-heading\">L&#8217;HOSPITALET DE LLOBREGAT<\/h3>\r\n\r\n\r\n<hr class=\"wp-block-separator has-alpha-channel-opacity\" \/>\r\n\r\n\r\n<div class=\"wp-block-columns is-layout-flex wp-container-core-columns-is-layout-9d6595d7 wp-block-columns-is-layout-flex\">\r\n<div class=\"wp-block-column is-layout-flow wp-block-column-is-layout-flow\">\r\n<p><strong>ITINERARI L&#8217;HOSPITALET DELS GERMANS PUIG I GIRALT<\/strong><\/p>\r\n\r\n\r\n\r\n<p>Dissabte 25 a les 16 h i a les 18 h<\/p>\r\n\r\n\r\n\r\n<p><a href=\"https:\/\/www.eventbrite.es\/e\/entradas-itinerari-lhospitalet-dels-germans-puig-i-gairalt-lh-ohb25-1741625581999?aff=ebdsoporgprofile\">Inscriu-te!<\/a><\/p>\r\n<\/div>\r\n\r\n\r\n\r\n<div class=\"wp-block-column is-layout-flow wp-block-column-is-layout-flow\">\r\n<p><strong>ITINERARI PASSADISSOS DE COLLBLANC &#8211; LA TORRASSA<\/strong><\/p>\r\n\r\n\r\n\r\n<p>Diumenge 26 a les 17h<\/p>\r\n\r\n\r\n\r\n<p><a href=\"https:\/\/www.eventbrite.es\/e\/entradas-itinerari-passadissos-de-collblanc-la-torrassa-lh-ohb25-1741870364149?aff=ebdsoporgprofile\">Inscriu-te!<\/a><\/p>\r\n<\/div>\r\n<\/div>\r\n\r\n\r\n<hr class=\"wp-block-separator has-alpha-channel-opacity\" \/>\r\n\r\n\r\n<p><strong>ITINERARI XEMENEIES, TESTIMONIS DEL PASSAT INDUSTRIAL<\/strong><\/p>\r\n\r\n\r\n\r\n<p>Diumenge 26 a les 17h<\/p>\r\n\r\n\r\n\r\n<p><a href=\"https:\/\/www.eventbrite.es\/e\/entradas-itinerari-xemeneies-testimonis-del-passat-industrial-lh-ohb25-1745439720189?aff=ebdsoporgprofile\">Inscriu-te!<\/a><\/p>\r\n\r\n\r\n<hr class=\"wp-block-separator has-alpha-channel-opacity\" \/>\r\n\r\n<hr class=\"wp-block-separator has-alpha-channel-opacity\" \/>\r\n\r\n\r\n<div class=\"wp-block-spacer\" style=\"height: 50px;\" aria-hidden=\"true\">\u00a0<\/div>\r\n\r\n\r\n\r\n<h3 class=\"wp-block-heading\">SANT JOAN DESP\u00cd<\/h3>\r\n\r\n\r\n<hr class=\"wp-block-separator has-alpha-channel-opacity\" \/>\r\n\r\n\r\n<div class=\"wp-block-columns is-layout-flex wp-container-core-columns-is-layout-9d6595d7 wp-block-columns-is-layout-flex\">\r\n<div class=\"wp-block-column is-layout-flow wp-block-column-is-layout-flow\">\r\n<p><strong>TRAM &#8211; COTXERES<\/strong><\/p>\r\n\r\n\r\n\r\n<p>Dissabte 25 de 16 a 20 h i diumenge de 10 a 14 h<\/p>\r\n\r\n\r\n\r\n<p>Inscripci\u00f3: <a href=\"https:\/\/centrejujolcannegre.cat\">https:\/\/centrejujolcannegre.cat<\/a><\/p>\r\n\r\n\r\n\r\n<p>&nbsp;<\/p>\r\n<\/div>\r\n\r\n\r\n\r\n<div class=\"wp-block-column is-layout-flow wp-block-column-is-layout-flow\">\r\n<p><strong>ENS D\u2019ABASTAMENT D\u2019AIGUA TER-LLOBREGAT <\/strong><\/p>\r\n\r\n\r\n\r\n<p>Dissabte 25 de 10 a 13 h<\/p>\r\n\r\n\r\n\r\n<p>Inscripci\u00f3: <a href=\"https:\/\/centrejujolcannegre.cat\">https:\/\/centrejujolcannegre.cat<\/a><\/p>\r\n<\/div>\r\n<\/div>\r\n\r\n\r\n<hr class=\"wp-block-separator has-alpha-channel-opacity\" \/>\r\n\r\n\r\n<p><strong>ITINERARI DE TORRENT A PARC. UN RECORREGUT HIST\u00d2RIC PER L&#8217;ENTORN DE LA FONTSANTA<\/strong><\/p>\r\n\r\n\r\n\r\n<p>Dissabte i diumenge a les 11.00 h<\/p>\r\n\r\n\r\n\r\n<p>Inscripci\u00f3: <a href=\"https:\/\/centrejujolcannegre.cat\">https:\/\/centrejujolcannegre.cat<\/a><\/p>\r\n\r\n\r\n\r\n<div class=\"wp-block-spacer\" style=\"height: 30px;\" aria-hidden=\"true\">\u00a0<\/div>\r\n\r\n\r\n<hr class=\"wp-block-separator has-alpha-channel-opacity\" \/>\r\n\r\n<hr class=\"wp-block-separator has-alpha-channel-opacity\" \/>\r\n\r\n\r\n<div class=\"wp-block-spacer\" style=\"height: 50px;\" aria-hidden=\"true\">\u00a0<\/div>\r\n\r\n\r\n\r\n<h3 class=\"wp-block-heading\">SITGES<\/h3>\r\n\r\n\r\n<hr class=\"wp-block-separator has-alpha-channel-opacity\" \/>\r\n\r\n\r\n<div class=\"wp-block-columns is-layout-flex wp-container-core-columns-is-layout-9d6595d7 wp-block-columns-is-layout-flex\">\r\n<div class=\"wp-block-column is-layout-flow wp-block-column-is-layout-flow\">\r\n<p><strong>ITINERARI SITGES ANTIC<\/strong><\/p>\r\n\r\n\r\n\r\n<p>Dissabte a les 11 h i diumenge a les 17 h<\/p>\r\n\r\n\r\n\r\n<p><a href=\"https:\/\/www.eventbrite.es\/e\/entradas-itinerari-sitges-antic-stg-ohb25-1746224858559?aff=ebdsoporgprofile\">Inscriu-te!<\/a><\/p>\r\n<\/div>\r\n\r\n\r\n\r\n<div class=\"wp-block-column is-layout-flow wp-block-column-is-layout-flow\">\r\n<p><strong>ITINERARI CASES DELS AMERICANOS<\/strong><\/p>\r\n\r\n\r\n\r\n<p>Dissabte a les 17 h i diumenge a les 11 h<\/p>\r\n\r\n\r\n\r\n<p><a href=\"https:\/\/www.eventbrite.es\/e\/entradas-itinerari-cases-dels-americanos-stg-ohb25-1746385860119?aff=ebdsoporgprofile\">Inscriu-te!<\/a><\/p>\r\n<\/div>\r\n<\/div>\r\n\r\n\r\n\r\n<p>&nbsp;<\/p>\r\n","protected":false},"excerpt":{"rendered":"<p>Aquestes activitats s\u00f3n itineraris i edificis d&#8217;infraestructures que necessiten inscripci\u00f3. Despeses de 3 euros per a les inscripcions realitzades a trav\u00e9s de la plataforma Evenbrite. L\u2019acc\u00e9s prioritari a aquestes activitats i itineraris no estan inclosos en l\u2019acreditaci\u00f3 d\u2019amics del festival. BADALONA ITINERARI JOAN AMIG\u00d3 Diumenge 26 a les 10:30 h Inscriu-te! MASIA CAN MIRAVITGES Diumenge [&hellip;]<\/p>\n","protected":false},"author":2,"featured_media":56531,"parent":0,"menu_order":0,"comment_status":"closed","ping_status":"closed","template":"template-novapagina.php","meta":{"_acf_changed":false,"footnotes":""},"class_list":["post-55247","page","type-page","status-publish","has-post-thumbnail","hentry"],"acf":[],"_links":{"self":[{"href":"https:\/\/www.48hopenhousebarcelona.org\/ca\/wp-json\/wp\/v2\/pages\/55247","targetHints":{"allow":["GET"]}}],"collection":[{"href":"https:\/\/www.48hopenhousebarcelona.org\/ca\/wp-json\/wp\/v2\/pages"}],"about":[{"href":"https:\/\/www.48hopenhousebarcelona.org\/ca\/wp-json\/wp\/v2\/types\/page"}],"author":[{"embeddable":true,"href":"https:\/\/www.48hopenhousebarcelona.org\/ca\/wp-json\/wp\/v2\/users\/2"}],"replies":[{"embeddable":true,"href":"https:\/\/www.48hopenhousebarcelona.org\/ca\/wp-json\/wp\/v2\/comments?post=55247"}],"version-history":[{"count":59,"href":"https:\/\/www.48hopenhousebarcelona.org\/ca\/wp-json\/wp\/v2\/pages\/55247\/revisions"}],"predecessor-version":[{"id":57822,"href":"https:\/\/www.48hopenhousebarcelona.org\/ca\/wp-json\/wp\/v2\/pages\/55247\/revisions\/57822"}],"wp:featuredmedia":[{"embeddable":true,"href":"https:\/\/www.48hopenhousebarcelona.org\/ca\/wp-json\/wp\/v2\/media\/56531"}],"wp:attachment":[{"href":"https:\/\/www.48hopenhousebarcelona.org\/ca\/wp-json\/wp\/v2\/media?parent=55247"}],"curies":[{"name":"wp","href":"https:\/\/api.w.org\/{rel}","templated":true}]}}