{"id":23990,"date":"2020-10-06T02:32:13","date_gmt":"2020-10-06T02:32:13","guid":{"rendered":"https:\/\/www.48hopenhousebarcelona.org\/els-edificis\/casa-golferichs\/"},"modified":"2025-10-24T18:24:08","modified_gmt":"2025-10-24T18:24:08","slug":"casa-golferichs","status":"publish","type":"edificis","link":"https:\/\/www.48hopenhousebarcelona.org\/es\/els-edificis\/casa-golferichs\/","title":{"rendered":"CASA GOLFERICHS"},"content":{"rendered":"<p><span data-sheets-value=\"{&quot;1&quot;:2,&quot;2&quot;:&quot;Esta antigua residencia particular fue el primer encargo de Joan Rubi\u00f3 i Bellver una vez terminada su formaci\u00f3n en el estudio de Gaud\u00ed, influencia que todav\u00eda puede percibirse en el juego de vol\u00famenes, combinaci\u00f3n de materiales y uso de elementos neomedievales del edificio. La rehabilitaci\u00f3n del a\u00f1o 1987 para transformarlo en centro c\u00edvico recuper\u00f3 su aspecto original, ya que el edificio hab\u00eda sufrido grandes transformaciones. El nuevo proyecto derrib\u00f3 parte de un volumen anexo que imped\u00eda la lectura de la casa original y, en su lugar, le ados\u00f3 una nueva escalera, decisi\u00f3n que consegu\u00eda mantener la relaci\u00f3n visual con la casa antigua desde todos los vest\u00edbulos del nuevo centro c\u00edvico. En el interior de la vivienda se mantuvo la estructura de salas dispuestas en torno a un n\u00facleo central, se rehicieron mim\u00e9ticamente los elementos que se hallaban en mejores condiciones y se sustituyeron algunos elementos puntuales por materiales contrastados.&quot;}\" data-sheets-userformat=\"{&quot;2&quot;:15293,&quot;3&quot;:{&quot;1&quot;:0},&quot;5&quot;:{&quot;1&quot;:[{&quot;1&quot;:2,&quot;2&quot;:0,&quot;5&quot;:{&quot;1&quot;:2,&quot;2&quot;:0}},{&quot;1&quot;:0,&quot;2&quot;:0,&quot;3&quot;:3},{&quot;1&quot;:1,&quot;2&quot;:0,&quot;4&quot;:1}]},&quot;6&quot;:{&quot;1&quot;:[{&quot;1&quot;:2,&quot;2&quot;:0,&quot;5&quot;:{&quot;1&quot;:2,&quot;2&quot;:0}},{&quot;1&quot;:0,&quot;2&quot;:0,&quot;3&quot;:3},{&quot;1&quot;:1,&quot;2&quot;:0,&quot;4&quot;:1}]},&quot;7&quot;:{&quot;1&quot;:[{&quot;1&quot;:2,&quot;2&quot;:0,&quot;5&quot;:{&quot;1&quot;:2,&quot;2&quot;:0}},{&quot;1&quot;:0,&quot;2&quot;:0,&quot;3&quot;:3},{&quot;1&quot;:1,&quot;2&quot;:0,&quot;4&quot;:1}]},&quot;8&quot;:{&quot;1&quot;:[{&quot;1&quot;:2,&quot;2&quot;:0,&quot;5&quot;:{&quot;1&quot;:2,&quot;2&quot;:0}},{&quot;1&quot;:0,&quot;2&quot;:0,&quot;3&quot;:3},{&quot;1&quot;:1,&quot;2&quot;:0,&quot;4&quot;:1}]},&quot;10&quot;:1,&quot;11&quot;:4,&quot;12&quot;:0,&quot;14&quot;:{&quot;1&quot;:2,&quot;2&quot;:0},&quot;15&quot;:&quot;Calibri&quot;,&quot;16&quot;:8}\"> Esta antigua residencia particular fue el primer encargo de Joan Rubi\u00f3 i Bellver una vez terminada su formaci\u00f3n en el estudio de Gaud\u00ed, influencia que todav\u00eda puede percibirse en el juego de vol\u00famenes, combinaci\u00f3n de materiales y uso de elementos neomedievales del edificio. La rehabilitaci\u00f3n del a\u00f1o 1987 para transformarlo en centro c\u00edvico recuper\u00f3 su aspecto original, ya que el edificio hab\u00eda sufrido grandes transformaciones. El nuevo proyecto derrib\u00f3 parte de un volumen anexo que imped\u00eda la lectura de la casa original y, en su lugar, le ados\u00f3 una nueva escalera, decisi\u00f3n que consegu\u00eda mantener la relaci\u00f3n visual con la casa antigua desde todos los vest\u00edbulos del nuevo centro c\u00edvico. En el interior de la vivienda se mantuvo la estructura de salas dispuestas en torno a un n\u00facleo central, se rehicieron mim\u00e9ticamente los elementos que se hallaban en mejores condiciones y se sustituyeron algunos elementos puntuales por materiales contrastados.<\/span><\/p>\n","protected":false},"featured_media":29728,"template":"","tags":[],"edicions":[1067,1086],"obert_per":[549],"zones":[926,1075],"seccions":[808],"transports":[512],"estils":[553],"usos_actuals":[541],"graella":[],"class_list":["post-23990","edificis","type-edificis","status-publish","has-post-thumbnail","hentry","edicions-2024-es","edicions-1086","obert_per-sabado-manana","zones-esquerra-de-leixample-es","zones-barcelona-es","seccions-open-pro-es","transports-l1-es","estils-modernismo","usos_actuals-cultural-es"],"acf":[],"_links":{"self":[{"href":"https:\/\/www.48hopenhousebarcelona.org\/es\/wp-json\/wp\/v2\/edificis\/23990","targetHints":{"allow":["GET"]}}],"collection":[{"href":"https:\/\/www.48hopenhousebarcelona.org\/es\/wp-json\/wp\/v2\/edificis"}],"about":[{"href":"https:\/\/www.48hopenhousebarcelona.org\/es\/wp-json\/wp\/v2\/types\/edificis"}],"wp:featuredmedia":[{"embeddable":true,"href":"https:\/\/www.48hopenhousebarcelona.org\/es\/wp-json\/wp\/v2\/media\/29728"}],"wp:attachment":[{"href":"https:\/\/www.48hopenhousebarcelona.org\/es\/wp-json\/wp\/v2\/media?parent=23990"}],"wp:term":[{"taxonomy":"post_tag","embeddable":true,"href":"https:\/\/www.48hopenhousebarcelona.org\/es\/wp-json\/wp\/v2\/tags?post=23990"},{"taxonomy":"edicions","embeddable":true,"href":"https:\/\/www.48hopenhousebarcelona.org\/es\/wp-json\/wp\/v2\/edicions?post=23990"},{"taxonomy":"obert_per","embeddable":true,"href":"https:\/\/www.48hopenhousebarcelona.org\/es\/wp-json\/wp\/v2\/obert_per?post=23990"},{"taxonomy":"zones","embeddable":true,"href":"https:\/\/www.48hopenhousebarcelona.org\/es\/wp-json\/wp\/v2\/zones?post=23990"},{"taxonomy":"seccions","embeddable":true,"href":"https:\/\/www.48hopenhousebarcelona.org\/es\/wp-json\/wp\/v2\/seccions?post=23990"},{"taxonomy":"transports","embeddable":true,"href":"https:\/\/www.48hopenhousebarcelona.org\/es\/wp-json\/wp\/v2\/transports?post=23990"},{"taxonomy":"estils","embeddable":true,"href":"https:\/\/www.48hopenhousebarcelona.org\/es\/wp-json\/wp\/v2\/estils?post=23990"},{"taxonomy":"usos_actuals","embeddable":true,"href":"https:\/\/www.48hopenhousebarcelona.org\/es\/wp-json\/wp\/v2\/usos_actuals?post=23990"},{"taxonomy":"graella","embeddable":true,"href":"https:\/\/www.48hopenhousebarcelona.org\/es\/wp-json\/wp\/v2\/graella?post=23990"}],"curies":[{"name":"wp","href":"https:\/\/api.w.org\/{rel}","templated":true}]}}