{"id":24237,"date":"2020-10-06T02:34:01","date_gmt":"2020-10-06T02:34:01","guid":{"rendered":"https:\/\/www.48hopenhousebarcelona.org\/els-edificis\/biblioteca-arus-2\/"},"modified":"2025-08-06T09:35:24","modified_gmt":"2025-08-06T09:35:24","slug":"biblioteca-arus","status":"publish","type":"edificis","link":"https:\/\/www.48hopenhousebarcelona.org\/es\/els-edificis\/biblioteca-arus\/","title":{"rendered":"BIBLIOTECA AR\u00daS"},"content":{"rendered":"<p><span data-sheets-value=\"{&quot;1&quot;:2,&quot;2&quot;:&quot;Una farola modernista en hierro forjado y cristales emplomados de colores, colgada en la fachada, se\u00f1ala el acceso a este edificio, que, originariamente, fue construido como edificio de viviendas. El deseo del propietario de fundar una biblioteca p\u00fablica hizo que cuando muri\u00f3 se iniciara un proceso de transformaciones del edificio para adecuarlo a su nuevo uso. El arquitecto y los artesanos que participaron en este proyecto dieron a la biblioteca un acceso independiente desde la calle, con una escalera de m\u00e1rmol de tres tramos, e introdujeron materiales nobles para dar calidad p\u00fablica a los antiguos espacios privados de la vivienda. Este a\u00f1o, la biblioteca p\u00fablica, convertida en centro de investigaci\u00f3n especializado en movimientos sociales contempor\u00e1neos y producci\u00f3n bibliogr\u00e1fica de los siglos XIX y principios del XX, celebra los 125 a\u00f1os de su inauguraci\u00f3n.&quot;}\" data-sheets-userformat=\"{&quot;2&quot;:15293,&quot;3&quot;:{&quot;1&quot;:0},&quot;5&quot;:{&quot;1&quot;:[{&quot;1&quot;:2,&quot;2&quot;:0,&quot;5&quot;:{&quot;1&quot;:2,&quot;2&quot;:0}},{&quot;1&quot;:0,&quot;2&quot;:0,&quot;3&quot;:3},{&quot;1&quot;:1,&quot;2&quot;:0,&quot;4&quot;:1}]},&quot;6&quot;:{&quot;1&quot;:[{&quot;1&quot;:2,&quot;2&quot;:0,&quot;5&quot;:{&quot;1&quot;:2,&quot;2&quot;:0}},{&quot;1&quot;:0,&quot;2&quot;:0,&quot;3&quot;:3},{&quot;1&quot;:1,&quot;2&quot;:0,&quot;4&quot;:1}]},&quot;7&quot;:{&quot;1&quot;:[{&quot;1&quot;:2,&quot;2&quot;:0,&quot;5&quot;:{&quot;1&quot;:2,&quot;2&quot;:0}},{&quot;1&quot;:0,&quot;2&quot;:0,&quot;3&quot;:3},{&quot;1&quot;:1,&quot;2&quot;:0,&quot;4&quot;:1}]},&quot;8&quot;:{&quot;1&quot;:[{&quot;1&quot;:2,&quot;2&quot;:0,&quot;5&quot;:{&quot;1&quot;:2,&quot;2&quot;:0}},{&quot;1&quot;:0,&quot;2&quot;:0,&quot;3&quot;:3},{&quot;1&quot;:1,&quot;2&quot;:0,&quot;4&quot;:1}]},&quot;10&quot;:1,&quot;11&quot;:4,&quot;12&quot;:0,&quot;14&quot;:{&quot;1&quot;:2,&quot;2&quot;:0},&quot;15&quot;:&quot;Calibri&quot;,&quot;16&quot;:8}\"> Una farola modernista en hierro forjado y cristales emplomados de colores, colgada en la fachada, se\u00f1ala el acceso a este edificio, que, originariamente, fue construido como edificio de viviendas. El deseo del propietario de fundar una biblioteca p\u00fablica hizo que cuando muri\u00f3 se iniciara un proceso de transformaciones del edificio para adecuarlo a su nuevo uso. El arquitecto y los artesanos que participaron en este proyecto dieron a la biblioteca un acceso independiente desde la calle, con una escalera de m\u00e1rmol de tres tramos, e introdujeron materiales nobles para dar calidad p\u00fablica a los antiguos espacios privados de la vivienda. Este a\u00f1o, la biblioteca p\u00fablica, convertida en centro de investigaci\u00f3n especializado en movimientos sociales contempor\u00e1neos y producci\u00f3n bibliogr\u00e1fica de los siglos XIX y principios del XX, celebra los 125 a\u00f1os de su inauguraci\u00f3n.<\/span><\/p>\n","protected":false},"featured_media":29881,"template":"","tags":[],"edicions":[994,1039,1067,1086],"obert_per":[549],"zones":[937,1075],"seccions":[],"transports":[512,517],"estils":[575],"usos_actuals":[541],"graella":[],"class_list":["post-24237","edificis","type-edificis","status-publish","has-post-thumbnail","hentry","edicions-2022-es","edicions-2023-es","edicions-2024-es","edicions-1086","obert_per-sabado-manana","zones-dreta-de-leixample","zones-barcelona-es","transports-l1-es","transports-l2-es","estils-historicismo","usos_actuals-cultural-es"],"acf":[],"_links":{"self":[{"href":"https:\/\/www.48hopenhousebarcelona.org\/es\/wp-json\/wp\/v2\/edificis\/24237","targetHints":{"allow":["GET"]}}],"collection":[{"href":"https:\/\/www.48hopenhousebarcelona.org\/es\/wp-json\/wp\/v2\/edificis"}],"about":[{"href":"https:\/\/www.48hopenhousebarcelona.org\/es\/wp-json\/wp\/v2\/types\/edificis"}],"wp:featuredmedia":[{"embeddable":true,"href":"https:\/\/www.48hopenhousebarcelona.org\/es\/wp-json\/wp\/v2\/media\/29881"}],"wp:attachment":[{"href":"https:\/\/www.48hopenhousebarcelona.org\/es\/wp-json\/wp\/v2\/media?parent=24237"}],"wp:term":[{"taxonomy":"post_tag","embeddable":true,"href":"https:\/\/www.48hopenhousebarcelona.org\/es\/wp-json\/wp\/v2\/tags?post=24237"},{"taxonomy":"edicions","embeddable":true,"href":"https:\/\/www.48hopenhousebarcelona.org\/es\/wp-json\/wp\/v2\/edicions?post=24237"},{"taxonomy":"obert_per","embeddable":true,"href":"https:\/\/www.48hopenhousebarcelona.org\/es\/wp-json\/wp\/v2\/obert_per?post=24237"},{"taxonomy":"zones","embeddable":true,"href":"https:\/\/www.48hopenhousebarcelona.org\/es\/wp-json\/wp\/v2\/zones?post=24237"},{"taxonomy":"seccions","embeddable":true,"href":"https:\/\/www.48hopenhousebarcelona.org\/es\/wp-json\/wp\/v2\/seccions?post=24237"},{"taxonomy":"transports","embeddable":true,"href":"https:\/\/www.48hopenhousebarcelona.org\/es\/wp-json\/wp\/v2\/transports?post=24237"},{"taxonomy":"estils","embeddable":true,"href":"https:\/\/www.48hopenhousebarcelona.org\/es\/wp-json\/wp\/v2\/estils?post=24237"},{"taxonomy":"usos_actuals","embeddable":true,"href":"https:\/\/www.48hopenhousebarcelona.org\/es\/wp-json\/wp\/v2\/usos_actuals?post=24237"},{"taxonomy":"graella","embeddable":true,"href":"https:\/\/www.48hopenhousebarcelona.org\/es\/wp-json\/wp\/v2\/graella?post=24237"}],"curies":[{"name":"wp","href":"https:\/\/api.w.org\/{rel}","templated":true}]}}