{"id":32201,"date":"2021-07-28T09:51:21","date_gmt":"2021-07-28T09:51:21","guid":{"rendered":"https:\/\/www.48hopenhousebarcelona.org\/?post_type=edificis&#038;p=32201"},"modified":"2025-08-05T15:39:50","modified_gmt":"2025-08-05T15:39:50","slug":"ateneu-barcelones-palau-savassona","status":"publish","type":"edificis","link":"https:\/\/www.48hopenhousebarcelona.org\/es\/els-edificis\/ateneu-barcelones-palau-savassona\/","title":{"rendered":"ANTIGUO PALACIO SAVASSONA (ATENEU BARCELON\u00c8S)"},"content":{"rendered":"<p><span data-sheets-value=\"{&quot;1&quot;:2,&quot;2&quot;:&quot;Edificaci\u00f3n se\u00f1orial del siglo XVIII que, desde el a\u00f1o 1907, acoge la sede de la entidad cultural Ateneu Barcelon\u00e8s y que, a lo largo de su historia, ha sufrido diversas transformaciones. En 1906, mediante una reforma respetuosa, se adecu\u00f3 el espacio de la planta noble para acoger la biblioteca; pero, a finales de los a\u00f1os sesenta, bajo los efectos del franquismo, se construy\u00f3 una remonta de tres plantas que estropeaba la lectura del edificio original. Finalmente, una \u00faltima rehabilitaci\u00f3n puso en orden las diferentes intervenciones del pasado, potenciando sus elementos m\u00e1s caracter\u00edsticos y mejor\u00e1ndolo t\u00e9cnica y arquitect\u00f3nicamente, para adecuarlo a las necesidades actuales. Del edificio original todav\u00eda destaca su acceso, a trav\u00e9s de un amplio patio de escalera cubierta; la decoraci\u00f3n de algunos salones y la biblioteca, con pinturas de Francesc Pla (siglo XVIII), y un jard\u00edn original a la altura del piso principal, muestra de estilo rom\u00e1ntico del siglo XIX.\\r\\n\\r\\nLa entidad fue fundada en 1860 con el nombre de Ateneo Catal\u00e1n, con el objetivo de ser un centro promotor de la cultura, y pas\u00f3 a denominarse Ateneu Barcelon\u00e8s en 1872. Este a\u00f1o, el Ateneu Barcelon\u00e8s celebra su 150 aniversario.\\r\\n&quot;}\" data-sheets-userformat=\"{&quot;2&quot;:15295,&quot;3&quot;:{&quot;1&quot;:0},&quot;4&quot;:{&quot;1&quot;:2,&quot;2&quot;:65535},&quot;5&quot;:{&quot;1&quot;:[{&quot;1&quot;:2,&quot;2&quot;:0,&quot;5&quot;:{&quot;1&quot;:2,&quot;2&quot;:0}},{&quot;1&quot;:0,&quot;2&quot;:0,&quot;3&quot;:3},{&quot;1&quot;:1,&quot;2&quot;:0,&quot;4&quot;:1}]},&quot;6&quot;:{&quot;1&quot;:[{&quot;1&quot;:2,&quot;2&quot;:0,&quot;5&quot;:{&quot;1&quot;:2,&quot;2&quot;:0}},{&quot;1&quot;:0,&quot;2&quot;:0,&quot;3&quot;:3},{&quot;1&quot;:1,&quot;2&quot;:0,&quot;4&quot;:1}]},&quot;7&quot;:{&quot;1&quot;:[{&quot;1&quot;:2,&quot;2&quot;:0,&quot;5&quot;:{&quot;1&quot;:2,&quot;2&quot;:0}},{&quot;1&quot;:0,&quot;2&quot;:0,&quot;3&quot;:3},{&quot;1&quot;:1,&quot;2&quot;:0,&quot;4&quot;:1}]},&quot;8&quot;:{&quot;1&quot;:[{&quot;1&quot;:2,&quot;2&quot;:0,&quot;5&quot;:{&quot;1&quot;:2,&quot;2&quot;:0}},{&quot;1&quot;:0,&quot;2&quot;:0,&quot;3&quot;:3},{&quot;1&quot;:1,&quot;2&quot;:0,&quot;4&quot;:1}]},&quot;10&quot;:1,&quot;11&quot;:4,&quot;12&quot;:0,&quot;14&quot;:{&quot;1&quot;:2,&quot;2&quot;:0},&quot;15&quot;:&quot;Calibri&quot;,&quot;16&quot;:8}\">Edificaci\u00f3n se\u00f1orial del siglo XVIII que, desde el a\u00f1o 1907, acoge la sede de la entidad cultural Ateneu Barcelon\u00e8s y que, a lo largo de su historia, ha sufrido diversas transformaciones. En 1906, mediante una reforma respetuosa, se adecu\u00f3 el espacio de la planta noble para acoger la biblioteca; pero, a finales de los a\u00f1os sesenta, bajo los efectos del franquismo, se construy\u00f3 una remonta de tres plantas que estropeaba la lectura del edificio original. Finalmente, una \u00faltima rehabilitaci\u00f3n puso en orden las diferentes intervenciones del pasado, potenciando sus elementos m\u00e1s caracter\u00edsticos y mejor\u00e1ndolo t\u00e9cnica y arquitect\u00f3nicamente, para adecuarlo a las necesidades actuales. Del edificio original todav\u00eda destaca su acceso, a trav\u00e9s de un amplio patio de escalera cubierta; la decoraci\u00f3n de algunos salones y la biblioteca, con pinturas de Francesc Pla (siglo XVIII), y un jard\u00edn original a la altura del piso principal, muestra de estilo rom\u00e1ntico del siglo XIX.<\/span><\/p>\n<p>La entidad fue fundada en 1860 con el nombre de Ateneo Catal\u00e1n, con el objetivo de ser un centro promotor de la cultura, y pas\u00f3 a denominarse Ateneu Barcelon\u00e8s en 1872. Este a\u00f1o, el Ateneu Barcelon\u00e8s celebra su 150 aniversario.<\/p>\n","protected":false},"featured_media":32396,"template":"","tags":[],"edicions":[1039,1067,1086],"obert_per":[551,552],"zones":[1075,996],"seccions":[],"transports":[512,518,521,522],"estils":[583],"usos_actuals":[541],"graella":[],"class_list":["post-32201","edificis","type-edificis","status-publish","has-post-thumbnail","hentry","edicions-2023-es","edicions-2024-es","edicions-1086","obert_per-domingo-manana","obert_per-domingo-tarde","zones-barcelona-es","zones-centre","transports-l1-es","transports-l3-es","transports-l6-es","transports-l7-es","estils-neoclasicismo","usos_actuals-cultural-es"],"acf":[],"_links":{"self":[{"href":"https:\/\/www.48hopenhousebarcelona.org\/es\/wp-json\/wp\/v2\/edificis\/32201","targetHints":{"allow":["GET"]}}],"collection":[{"href":"https:\/\/www.48hopenhousebarcelona.org\/es\/wp-json\/wp\/v2\/edificis"}],"about":[{"href":"https:\/\/www.48hopenhousebarcelona.org\/es\/wp-json\/wp\/v2\/types\/edificis"}],"wp:featuredmedia":[{"embeddable":true,"href":"https:\/\/www.48hopenhousebarcelona.org\/es\/wp-json\/wp\/v2\/media\/32396"}],"wp:attachment":[{"href":"https:\/\/www.48hopenhousebarcelona.org\/es\/wp-json\/wp\/v2\/media?parent=32201"}],"wp:term":[{"taxonomy":"post_tag","embeddable":true,"href":"https:\/\/www.48hopenhousebarcelona.org\/es\/wp-json\/wp\/v2\/tags?post=32201"},{"taxonomy":"edicions","embeddable":true,"href":"https:\/\/www.48hopenhousebarcelona.org\/es\/wp-json\/wp\/v2\/edicions?post=32201"},{"taxonomy":"obert_per","embeddable":true,"href":"https:\/\/www.48hopenhousebarcelona.org\/es\/wp-json\/wp\/v2\/obert_per?post=32201"},{"taxonomy":"zones","embeddable":true,"href":"https:\/\/www.48hopenhousebarcelona.org\/es\/wp-json\/wp\/v2\/zones?post=32201"},{"taxonomy":"seccions","embeddable":true,"href":"https:\/\/www.48hopenhousebarcelona.org\/es\/wp-json\/wp\/v2\/seccions?post=32201"},{"taxonomy":"transports","embeddable":true,"href":"https:\/\/www.48hopenhousebarcelona.org\/es\/wp-json\/wp\/v2\/transports?post=32201"},{"taxonomy":"estils","embeddable":true,"href":"https:\/\/www.48hopenhousebarcelona.org\/es\/wp-json\/wp\/v2\/estils?post=32201"},{"taxonomy":"usos_actuals","embeddable":true,"href":"https:\/\/www.48hopenhousebarcelona.org\/es\/wp-json\/wp\/v2\/usos_actuals?post=32201"},{"taxonomy":"graella","embeddable":true,"href":"https:\/\/www.48hopenhousebarcelona.org\/es\/wp-json\/wp\/v2\/graella?post=32201"}],"curies":[{"name":"wp","href":"https:\/\/api.w.org\/{rel}","templated":true}]}}