{"id":37335,"date":"2022-07-25T10:14:20","date_gmt":"2022-07-25T10:14:20","guid":{"rendered":"https:\/\/www.48hopenhousebarcelona.org\/?post_type=edificis&#038;p=37335"},"modified":"2025-09-30T16:24:05","modified_gmt":"2025-09-30T16:24:05","slug":"torre-mapfre","status":"publish","type":"edificis","link":"https:\/\/www.48hopenhousebarcelona.org\/es\/els-edificis\/torre-mapfre\/","title":{"rendered":"TORRE MAPFRE"},"content":{"rendered":"\r\n<p>El proyecto urban\u00edstico de la zona de la Vila Ol\u00edmpica (Barcelona 92) se estructur\u00f3 en un sistema de franjas (playas, paseo mar\u00edtimo, avenida litoral, edificios aislados y barrio residencial). En la franja de edificios aislados se encuentra el rascacielos de la Torre Mapfre, un edificio de 43 plantas y 154 metros de altura que, junto a la vecina torre, se han convertido en hitos visuales de la ciudad. La construcci\u00f3n de la torre se resuelve con un n\u00facleo central de hormig\u00f3n armado, un per\u00edmetro de pilares retirado del plano de fachada y cristales inclinados para su cierre. En 2016 se realiz\u00f3 una reforma importante en la torre: se mejor\u00f3 su eficiencia energ\u00e9tica, se introdujeron espacios adecuados para las nuevas formas de trabajo y se renovaron los accesos y las zonas comunes.<\/p>\r\n","protected":false},"featured_media":40458,"template":"","tags":[],"edicions":[994,1086],"obert_per":[549,550],"zones":[1075,1000],"seccions":[1004],"transports":[519],"estils":[570],"usos_actuals":[559],"graella":[],"class_list":["post-37335","edificis","type-edificis","status-publish","has-post-thumbnail","hentry","edicions-2022-es","edicions-1086","obert_per-sabado-manana","obert_per-sabado-tarde","zones-barcelona-es","zones-poblenou","seccions-vistas-panoramicas","transports-l4-es","estils-estilos-contemporaneos","usos_actuals-oficinas"],"acf":[],"_links":{"self":[{"href":"https:\/\/www.48hopenhousebarcelona.org\/es\/wp-json\/wp\/v2\/edificis\/37335","targetHints":{"allow":["GET"]}}],"collection":[{"href":"https:\/\/www.48hopenhousebarcelona.org\/es\/wp-json\/wp\/v2\/edificis"}],"about":[{"href":"https:\/\/www.48hopenhousebarcelona.org\/es\/wp-json\/wp\/v2\/types\/edificis"}],"wp:featuredmedia":[{"embeddable":true,"href":"https:\/\/www.48hopenhousebarcelona.org\/es\/wp-json\/wp\/v2\/media\/40458"}],"wp:attachment":[{"href":"https:\/\/www.48hopenhousebarcelona.org\/es\/wp-json\/wp\/v2\/media?parent=37335"}],"wp:term":[{"taxonomy":"post_tag","embeddable":true,"href":"https:\/\/www.48hopenhousebarcelona.org\/es\/wp-json\/wp\/v2\/tags?post=37335"},{"taxonomy":"edicions","embeddable":true,"href":"https:\/\/www.48hopenhousebarcelona.org\/es\/wp-json\/wp\/v2\/edicions?post=37335"},{"taxonomy":"obert_per","embeddable":true,"href":"https:\/\/www.48hopenhousebarcelona.org\/es\/wp-json\/wp\/v2\/obert_per?post=37335"},{"taxonomy":"zones","embeddable":true,"href":"https:\/\/www.48hopenhousebarcelona.org\/es\/wp-json\/wp\/v2\/zones?post=37335"},{"taxonomy":"seccions","embeddable":true,"href":"https:\/\/www.48hopenhousebarcelona.org\/es\/wp-json\/wp\/v2\/seccions?post=37335"},{"taxonomy":"transports","embeddable":true,"href":"https:\/\/www.48hopenhousebarcelona.org\/es\/wp-json\/wp\/v2\/transports?post=37335"},{"taxonomy":"estils","embeddable":true,"href":"https:\/\/www.48hopenhousebarcelona.org\/es\/wp-json\/wp\/v2\/estils?post=37335"},{"taxonomy":"usos_actuals","embeddable":true,"href":"https:\/\/www.48hopenhousebarcelona.org\/es\/wp-json\/wp\/v2\/usos_actuals?post=37335"},{"taxonomy":"graella","embeddable":true,"href":"https:\/\/www.48hopenhousebarcelona.org\/es\/wp-json\/wp\/v2\/graella?post=37335"}],"curies":[{"name":"wp","href":"https:\/\/api.w.org\/{rel}","templated":true}]}}