{"id":38199,"date":"2022-08-28T16:22:33","date_gmt":"2022-08-28T16:22:33","guid":{"rendered":"https:\/\/www.48hopenhousebarcelona.org\/?post_type=edificis&#038;p=38199"},"modified":"2025-08-07T09:18:16","modified_gmt":"2025-08-07T09:18:16","slug":"habitatge-passivhaus-enerphit","status":"publish","type":"edificis","link":"https:\/\/www.48hopenhousebarcelona.org\/es\/els-edificis\/habitatge-passivhaus-enerphit\/","title":{"rendered":"VIVIENDA PASSIVHAUS EN EL POBLENOU"},"content":{"rendered":"\r\n<p>Rehabilitaci\u00f3n de una vivienda para adaptarla al est\u00e1ndar de sostenibilidad de una casa pasiva, certificaci\u00f3n que se basa en el uso de soluciones locales de la arquitectura vern\u00e1cula combinado con las tecnolog\u00edas actuales. El proyecto, gracias a una serie de aperturas en paredes, techos y armarios, permite conocer los seis principios de una casa pasiva: buena protecci\u00f3n solar; buen aislamiento t\u00e9rmico y reducci\u00f3n de puentes t\u00e9rmicos; uso de ventanas eficientes; reducci\u00f3n de las infiltraciones de aire, y uso de ventilaci\u00f3n controlada con recuperador de calor. Con el fin de reducir el impacto medioambiental del edificio, el sistema prioriza la utilizaci\u00f3n de materiales de bajo impacto medioambiental y con una larga vida \u00fatil, de forma que se consigue reducir las emisiones de CO2 en un 92% respecto a una rehabilitaci\u00f3n convencional.<\/p>\r\n","protected":false},"featured_media":38830,"template":"","tags":[],"edicions":[994,1039,1067,1086],"obert_per":[549],"zones":[1075,1000],"seccions":[508,808,902],"transports":[519],"estils":[570],"usos_actuals":[547],"graella":[],"class_list":["post-38199","edificis","type-edificis","status-publish","has-post-thumbnail","hentry","edicions-2022-es","edicions-2023-es","edicions-2024-es","edicions-1086","obert_per-sabado-manana","zones-barcelona-es","zones-poblenou","seccions-open-green-es","seccions-open-pro-es","seccions-vivienda","transports-l4-es","estils-estilos-contemporaneos","usos_actuals-residencial-es"],"acf":[],"_links":{"self":[{"href":"https:\/\/www.48hopenhousebarcelona.org\/es\/wp-json\/wp\/v2\/edificis\/38199","targetHints":{"allow":["GET"]}}],"collection":[{"href":"https:\/\/www.48hopenhousebarcelona.org\/es\/wp-json\/wp\/v2\/edificis"}],"about":[{"href":"https:\/\/www.48hopenhousebarcelona.org\/es\/wp-json\/wp\/v2\/types\/edificis"}],"wp:featuredmedia":[{"embeddable":true,"href":"https:\/\/www.48hopenhousebarcelona.org\/es\/wp-json\/wp\/v2\/media\/38830"}],"wp:attachment":[{"href":"https:\/\/www.48hopenhousebarcelona.org\/es\/wp-json\/wp\/v2\/media?parent=38199"}],"wp:term":[{"taxonomy":"post_tag","embeddable":true,"href":"https:\/\/www.48hopenhousebarcelona.org\/es\/wp-json\/wp\/v2\/tags?post=38199"},{"taxonomy":"edicions","embeddable":true,"href":"https:\/\/www.48hopenhousebarcelona.org\/es\/wp-json\/wp\/v2\/edicions?post=38199"},{"taxonomy":"obert_per","embeddable":true,"href":"https:\/\/www.48hopenhousebarcelona.org\/es\/wp-json\/wp\/v2\/obert_per?post=38199"},{"taxonomy":"zones","embeddable":true,"href":"https:\/\/www.48hopenhousebarcelona.org\/es\/wp-json\/wp\/v2\/zones?post=38199"},{"taxonomy":"seccions","embeddable":true,"href":"https:\/\/www.48hopenhousebarcelona.org\/es\/wp-json\/wp\/v2\/seccions?post=38199"},{"taxonomy":"transports","embeddable":true,"href":"https:\/\/www.48hopenhousebarcelona.org\/es\/wp-json\/wp\/v2\/transports?post=38199"},{"taxonomy":"estils","embeddable":true,"href":"https:\/\/www.48hopenhousebarcelona.org\/es\/wp-json\/wp\/v2\/estils?post=38199"},{"taxonomy":"usos_actuals","embeddable":true,"href":"https:\/\/www.48hopenhousebarcelona.org\/es\/wp-json\/wp\/v2\/usos_actuals?post=38199"},{"taxonomy":"graella","embeddable":true,"href":"https:\/\/www.48hopenhousebarcelona.org\/es\/wp-json\/wp\/v2\/graella?post=38199"}],"curies":[{"name":"wp","href":"https:\/\/api.w.org\/{rel}","templated":true}]}}