{"id":49345,"date":"2024-07-31T10:02:04","date_gmt":"2024-07-31T10:02:04","guid":{"rendered":"https:\/\/www.48hopenhousebarcelona.org\/?post_type=edificis&#038;p=49345"},"modified":"2025-08-07T15:07:46","modified_gmt":"2025-08-07T15:07:46","slug":"antic-convent-de-la-merce-seu-de-la-capitania-general","status":"publish","type":"edificis","link":"https:\/\/www.48hopenhousebarcelona.org\/es\/els-edificis\/antic-convent-de-la-merce-seu-de-la-capitania-general\/","title":{"rendered":"ANTIGUO CONVENTO DE LA MERC\u00c8 (SEDE DE LA CAPITAN\u00cdA GENERAL)"},"content":{"rendered":"<p><span style=\"font-weight: 400;\">La orden de la Merced fue fundada en Barcelona en 1218, tras la aparici\u00f3n de la Virgen Mar\u00eda a Pedro Nolasco. Inicialmente, se trataba de una cofrad\u00eda dedicada al rescate de cautivos, y gestionaron el Hospital de Santa Eul\u00e0lia. En 1232, fueron adquiridos terrenos para construir una iglesia, un claustro y, m\u00e1s tarde, un convento. Entre 1605 y 1653, un nuevo edificio fue levantado bajo la direcci\u00f3n de Jeroni Santacana, con un claustro de dos pisos con arcos de medio punto sobre columnas. La fachada barroca es obra de Jaume Flori. En 1846, el convento fue convertido en cuartel militar, y en 1926 se construy\u00f3 la fachada monumental del paseo de Colom, obra neoclasicista de Adolf Florensa. El edificio sufri\u00f3 m\u00faltiples transformaciones a lo largo de los siglos, con lo que se ha convertido en un espacio de gran importancia hist\u00f3rica y arquitect\u00f3nica.<\/span><\/p>\n","protected":false},"featured_media":50607,"template":"","tags":[],"edicions":[1067,1086],"obert_per":[551,552,549,550],"zones":[1075,996],"seccions":[1016],"transports":[518,519],"estils":[596],"usos_actuals":[567],"graella":[1124],"class_list":["post-49345","edificis","type-edificis","status-publish","has-post-thumbnail","hentry","edicions-2024-es","edicions-1086","obert_per-domingo-manana","obert_per-domingo-tarde","obert_per-sabado-manana","obert_per-sabado-tarde","zones-barcelona-es","zones-centre","seccions-open-infraestructures-es","transports-l3-es","transports-l4-es","estils-eclecticismo","usos_actuals-museo","graella-festival"],"acf":[],"_links":{"self":[{"href":"https:\/\/www.48hopenhousebarcelona.org\/es\/wp-json\/wp\/v2\/edificis\/49345","targetHints":{"allow":["GET"]}}],"collection":[{"href":"https:\/\/www.48hopenhousebarcelona.org\/es\/wp-json\/wp\/v2\/edificis"}],"about":[{"href":"https:\/\/www.48hopenhousebarcelona.org\/es\/wp-json\/wp\/v2\/types\/edificis"}],"wp:featuredmedia":[{"embeddable":true,"href":"https:\/\/www.48hopenhousebarcelona.org\/es\/wp-json\/wp\/v2\/media\/50607"}],"wp:attachment":[{"href":"https:\/\/www.48hopenhousebarcelona.org\/es\/wp-json\/wp\/v2\/media?parent=49345"}],"wp:term":[{"taxonomy":"post_tag","embeddable":true,"href":"https:\/\/www.48hopenhousebarcelona.org\/es\/wp-json\/wp\/v2\/tags?post=49345"},{"taxonomy":"edicions","embeddable":true,"href":"https:\/\/www.48hopenhousebarcelona.org\/es\/wp-json\/wp\/v2\/edicions?post=49345"},{"taxonomy":"obert_per","embeddable":true,"href":"https:\/\/www.48hopenhousebarcelona.org\/es\/wp-json\/wp\/v2\/obert_per?post=49345"},{"taxonomy":"zones","embeddable":true,"href":"https:\/\/www.48hopenhousebarcelona.org\/es\/wp-json\/wp\/v2\/zones?post=49345"},{"taxonomy":"seccions","embeddable":true,"href":"https:\/\/www.48hopenhousebarcelona.org\/es\/wp-json\/wp\/v2\/seccions?post=49345"},{"taxonomy":"transports","embeddable":true,"href":"https:\/\/www.48hopenhousebarcelona.org\/es\/wp-json\/wp\/v2\/transports?post=49345"},{"taxonomy":"estils","embeddable":true,"href":"https:\/\/www.48hopenhousebarcelona.org\/es\/wp-json\/wp\/v2\/estils?post=49345"},{"taxonomy":"usos_actuals","embeddable":true,"href":"https:\/\/www.48hopenhousebarcelona.org\/es\/wp-json\/wp\/v2\/usos_actuals?post=49345"},{"taxonomy":"graella","embeddable":true,"href":"https:\/\/www.48hopenhousebarcelona.org\/es\/wp-json\/wp\/v2\/graella?post=49345"}],"curies":[{"name":"wp","href":"https:\/\/api.w.org\/{rel}","templated":true}]}}