{"id":49397,"date":"2024-08-08T09:00:22","date_gmt":"2024-08-08T09:00:22","guid":{"rendered":"https:\/\/www.48hopenhousebarcelona.org\/?post_type=edificis&#038;p=49397"},"modified":"2025-10-06T09:48:05","modified_gmt":"2025-10-06T09:48:05","slug":"centre-internacional-de-convencions-de-barcelona","status":"publish","type":"edificis","link":"https:\/\/www.48hopenhousebarcelona.org\/es\/els-edificis\/centre-internacional-de-convencions-de-barcelona\/","title":{"rendered":"CENTRO DE CONVENCIONES INTERNACIONAL DE BARCELONA"},"content":{"rendered":"<p><span style=\"font-weight: 400;\">El Centro de Convenciones del CCIB fue construido en 2004, con motivo del F\u00f2rum Universal de les Cultures. Proyectado por el arquitecto catal\u00e1n Josep Llu\u00eds Mateo, se trata de un edificio singular con gran inter\u00e9s arquitect\u00f3nico, donde los espacios modernos, vers\u00e1tiles y funcionales fueron ideados para dar el m\u00e1ximo protagonismo a la luz. El centro est\u00e1 formado por tres plantas y dos <\/span><i><span style=\"font-weight: 400;\">mezzaninas<\/span><\/i><span style=\"font-weight: 400;\"> que incluyen una gran sala polivalente sin columnas modulable en ocho espacios distintos, treinta y siete salas de reuni\u00f3n y el espectacular Banquet Hall, con una terraza y vistas al mar.<br \/>\n<\/span><span style=\"font-weight: 400;\">Junto con el Auditori del F\u00f2rum, con el que est\u00e1 conectado por una rambla subterr\u00e1nea, forman el CCIB, un total de 100.000 m<\/span><span style=\"font-weight: 400;\">2<\/span><span style=\"font-weight: 400;\"> de superficie para eventos.<\/span><\/p>\n","protected":false},"featured_media":49833,"template":"","tags":[],"edicions":[1067,1086],"obert_per":[549],"zones":[939,1075],"seccions":[1004],"transports":[519,530],"estils":[570],"usos_actuals":[559],"graella":[],"class_list":["post-49397","edificis","type-edificis","status-publish","has-post-thumbnail","hentry","edicions-2024-es","edicions-1086","obert_per-sabado-manana","zones-forum","zones-barcelona-es","seccions-vistas-panoramicas","transports-l4-es","transports-t4-es","estils-estilos-contemporaneos","usos_actuals-oficinas"],"acf":[],"_links":{"self":[{"href":"https:\/\/www.48hopenhousebarcelona.org\/es\/wp-json\/wp\/v2\/edificis\/49397","targetHints":{"allow":["GET"]}}],"collection":[{"href":"https:\/\/www.48hopenhousebarcelona.org\/es\/wp-json\/wp\/v2\/edificis"}],"about":[{"href":"https:\/\/www.48hopenhousebarcelona.org\/es\/wp-json\/wp\/v2\/types\/edificis"}],"wp:featuredmedia":[{"embeddable":true,"href":"https:\/\/www.48hopenhousebarcelona.org\/es\/wp-json\/wp\/v2\/media\/49833"}],"wp:attachment":[{"href":"https:\/\/www.48hopenhousebarcelona.org\/es\/wp-json\/wp\/v2\/media?parent=49397"}],"wp:term":[{"taxonomy":"post_tag","embeddable":true,"href":"https:\/\/www.48hopenhousebarcelona.org\/es\/wp-json\/wp\/v2\/tags?post=49397"},{"taxonomy":"edicions","embeddable":true,"href":"https:\/\/www.48hopenhousebarcelona.org\/es\/wp-json\/wp\/v2\/edicions?post=49397"},{"taxonomy":"obert_per","embeddable":true,"href":"https:\/\/www.48hopenhousebarcelona.org\/es\/wp-json\/wp\/v2\/obert_per?post=49397"},{"taxonomy":"zones","embeddable":true,"href":"https:\/\/www.48hopenhousebarcelona.org\/es\/wp-json\/wp\/v2\/zones?post=49397"},{"taxonomy":"seccions","embeddable":true,"href":"https:\/\/www.48hopenhousebarcelona.org\/es\/wp-json\/wp\/v2\/seccions?post=49397"},{"taxonomy":"transports","embeddable":true,"href":"https:\/\/www.48hopenhousebarcelona.org\/es\/wp-json\/wp\/v2\/transports?post=49397"},{"taxonomy":"estils","embeddable":true,"href":"https:\/\/www.48hopenhousebarcelona.org\/es\/wp-json\/wp\/v2\/estils?post=49397"},{"taxonomy":"usos_actuals","embeddable":true,"href":"https:\/\/www.48hopenhousebarcelona.org\/es\/wp-json\/wp\/v2\/usos_actuals?post=49397"},{"taxonomy":"graella","embeddable":true,"href":"https:\/\/www.48hopenhousebarcelona.org\/es\/wp-json\/wp\/v2\/graella?post=49397"}],"curies":[{"name":"wp","href":"https:\/\/api.w.org\/{rel}","templated":true}]}}