{"id":55741,"date":"2025-09-15T12:04:51","date_gmt":"2025-09-15T12:04:51","guid":{"rendered":"https:\/\/www.48hopenhousebarcelona.org\/?post_type=edificis&#038;p=55741"},"modified":"2025-10-20T12:18:25","modified_gmt":"2025-10-20T12:18:25","slug":"servei-estacio","status":"publish","type":"edificis","link":"https:\/\/www.48hopenhousebarcelona.org\/es\/els-edificis\/servei-estacio\/","title":{"rendered":"SERVEI ESTACI\u00d3"},"content":{"rendered":"<p><span data-sheets-root=\"1\">El edificio que hoy acoge el Servei Estaci\u00f3 es una muestra singular de arquitectura industrial ubicada en el coraz\u00f3n del Eixample. La obra original, firmada por el arquitecto Josep Maria Mir\u00f3 i Guibernau en 1924, fue concebida como almac\u00e9n y nave de carga de la compa\u00f1\u00eda de ferrocarriles MZA (Madrid-Zaragoza-Alicante). Esta funci\u00f3n inicial explica la amplitud y solidez de la estructura, as\u00ed como su ubicaci\u00f3n estrat\u00e9gica, vinculada a los corredores ferroviarios de la ciudad.<\/span><\/p>\n<p>El nuevo edificio fue proyectado en 1962, a cargo de los arquitectos Soteras y Cavaller. Se trata de una obra de arquitectura moderna y racionalista, con planta libre, en la que el \u00fanico elemento fijo es el n\u00facleo de comunicaciones verticales, que incorpora unas escaleras met\u00e1licas singulares, las primeras de este tipo instaladas en Barcelona. Los pilares visibles en la fachada y una marquesina met\u00e1lica rematan el edificio y le confieren una imagen industrial y funcional, acorde con el car\u00e1cter de la actividad que acoge.<\/p>\n<p>En 2011, el conjunto fue rehabilitado por el estudio A+M Arquitectes, con el objetivo de adaptarlo a las nuevas necesidades comerciales sin perder la esencia de su arquitectura original.<\/p>\n","protected":false},"featured_media":57461,"template":"","tags":[],"edicions":[1086],"obert_per":[551,552],"zones":[937,1075],"seccions":[1048,1047],"transports":[517,518,519],"estils":[570],"usos_actuals":[559],"graella":[],"class_list":["post-55741","edificis","type-edificis","status-publish","has-post-thumbnail","hentry","edicions-1086","obert_per-domingo-manana","obert_per-domingo-tarde","zones-dreta-de-leixample","zones-barcelona-es","seccions-espacios-de-trabajo","seccions-interiorismo","transports-l2-es","transports-l3-es","transports-l4-es","estils-estilos-contemporaneos","usos_actuals-oficinas"],"acf":[],"_links":{"self":[{"href":"https:\/\/www.48hopenhousebarcelona.org\/es\/wp-json\/wp\/v2\/edificis\/55741","targetHints":{"allow":["GET"]}}],"collection":[{"href":"https:\/\/www.48hopenhousebarcelona.org\/es\/wp-json\/wp\/v2\/edificis"}],"about":[{"href":"https:\/\/www.48hopenhousebarcelona.org\/es\/wp-json\/wp\/v2\/types\/edificis"}],"wp:featuredmedia":[{"embeddable":true,"href":"https:\/\/www.48hopenhousebarcelona.org\/es\/wp-json\/wp\/v2\/media\/57461"}],"wp:attachment":[{"href":"https:\/\/www.48hopenhousebarcelona.org\/es\/wp-json\/wp\/v2\/media?parent=55741"}],"wp:term":[{"taxonomy":"post_tag","embeddable":true,"href":"https:\/\/www.48hopenhousebarcelona.org\/es\/wp-json\/wp\/v2\/tags?post=55741"},{"taxonomy":"edicions","embeddable":true,"href":"https:\/\/www.48hopenhousebarcelona.org\/es\/wp-json\/wp\/v2\/edicions?post=55741"},{"taxonomy":"obert_per","embeddable":true,"href":"https:\/\/www.48hopenhousebarcelona.org\/es\/wp-json\/wp\/v2\/obert_per?post=55741"},{"taxonomy":"zones","embeddable":true,"href":"https:\/\/www.48hopenhousebarcelona.org\/es\/wp-json\/wp\/v2\/zones?post=55741"},{"taxonomy":"seccions","embeddable":true,"href":"https:\/\/www.48hopenhousebarcelona.org\/es\/wp-json\/wp\/v2\/seccions?post=55741"},{"taxonomy":"transports","embeddable":true,"href":"https:\/\/www.48hopenhousebarcelona.org\/es\/wp-json\/wp\/v2\/transports?post=55741"},{"taxonomy":"estils","embeddable":true,"href":"https:\/\/www.48hopenhousebarcelona.org\/es\/wp-json\/wp\/v2\/estils?post=55741"},{"taxonomy":"usos_actuals","embeddable":true,"href":"https:\/\/www.48hopenhousebarcelona.org\/es\/wp-json\/wp\/v2\/usos_actuals?post=55741"},{"taxonomy":"graella","embeddable":true,"href":"https:\/\/www.48hopenhousebarcelona.org\/es\/wp-json\/wp\/v2\/graella?post=55741"}],"curies":[{"name":"wp","href":"https:\/\/api.w.org\/{rel}","templated":true}]}}