{"id":55251,"date":"2025-09-02T11:53:35","date_gmt":"2025-09-02T11:53:35","guid":{"rendered":"https:\/\/www.48hopenhousebarcelona.org\/?page_id=55251"},"modified":"2025-10-20T13:05:36","modified_gmt":"2025-10-20T13:05:36","slug":"inscripciones-2025","status":"publish","type":"page","link":"https:\/\/www.48hopenhousebarcelona.org\/es\/inscripciones-2025\/","title":{"rendered":"INSCRIPCIONES 2025"},"content":{"rendered":"\r\n<p>Estas actividades son itinerarios y edificios de infraestructuras que necesitan inscripci\u00f3n.<\/p>\r\n\r\n\r\n\r\n<p>Gastos de 3 euros para las inscripciones realizadas a trav\u00e9s de la plataforma Evenbrite.<\/p>\r\n\r\n\r\n\r\n<p>El acceso prioritario a estas actividades no est\u00e1n incluidos en la acreditaci\u00f3n de amigos del festival.<\/p>\r\n\r\n\r\n<hr class=\"wp-block-separator has-alpha-channel-opacity\" \/>\r\n\r\n\r\n<h3 class=\"wp-block-heading\"><br \/>BADALONA<\/h3>\r\n\r\n\r\n<hr class=\"wp-block-separator has-alpha-channel-opacity\" \/>\r\n\r\n\r\n<div class=\"wp-block-columns is-layout-flex wp-container-core-columns-is-layout-9d6595d7 wp-block-columns-is-layout-flex\">\r\n<div class=\"wp-block-column is-layout-flow wp-block-column-is-layout-flow\">\r\n<p><strong>ITINERARIO JOAN AMIG\u00d3<\/strong><\/p>\r\n\r\n\r\n\r\n<p>Domingo 26 a las 10:30 h<\/p>\r\n\r\n\r\n\r\n<p><a href=\"https:\/\/www.eventbrite.es\/e\/entradas-itinerari-joan-amigo-bdn-ohb25-1743678893509?aff=ebdsoporgprofile\">Inscripci\u00f3n<\/a><\/p>\r\n<\/div>\r\n\r\n\r\n\r\n<div class=\"wp-block-column is-layout-flow wp-block-column-is-layout-flow\">\r\n<p><strong>MASIA CAN MIRAVITGES<\/strong><\/p>\r\n\r\n\r\n\r\n<p>Domingo 26 a las 10:30 y a las 12 h<\/p>\r\n\r\n\r\n\r\n<p><a href=\"https:\/\/www.eventbrite.es\/e\/entradas-can-miravitges-bdn-ohb25-1784461806299?aff=ebdsoporgprofile\">Inscripci\u00f3n<\/a><\/p>\r\n<\/div>\r\n<\/div>\r\n\r\n\r\n<hr class=\"wp-block-separator has-alpha-channel-opacity\" \/>\r\n\r\n<hr class=\"wp-block-separator has-alpha-channel-opacity\" \/>\r\n\r\n\r\n<h3 class=\"wp-block-heading\"><br \/>BARCELONA<\/h3>\r\n\r\n\r\n\r\n<div class=\"wp-block-columns is-layout-flex wp-container-core-columns-is-layout-9d6595d7 wp-block-columns-is-layout-flex\">\r\n<div class=\"wp-block-column is-layout-flow wp-block-column-is-layout-flow\">\r\n<p><strong>RECINTO SANT PAU &#8211; ITINERARIO HOSPITAL DE LA SANTA CREU Y SANT PAU<\/strong><\/p>\r\n\r\n\r\n\r\n<p>S\u00e1bado 25 visitas a las 11, 12 y 13 h<\/p>\r\n\r\n\r\n\r\n<p><a href=\"https:\/\/www.eventbrite.es\/e\/entradas-recinte-sant-pau-itinerari-hospital-de-la-santa-creu-i-sant-pau-ohb25-1784155249379?aff=ebdsoporgprofile\">Inscripci\u00f3n<\/a><\/p>\r\n<\/div>\r\n\r\n\r\n\r\n<div class=\"wp-block-column is-layout-flow wp-block-column-is-layout-flow\">\r\n<p><strong>RECINTO SANT PAU &#8211; ITINERARIO RECINTO MODERNISTA DE SANT PAU<\/strong><\/p>\r\n\r\n\r\n\r\n<p>S\u00e1bado 25 visitas a las 15:30, 16, 16:30 i 17 h<\/p>\r\n\r\n\r\n\r\n<p>Actividad cancelada<\/p>\r\n<\/div>\r\n<\/div>\r\n\r\n\r\n<hr class=\"wp-block-separator has-alpha-channel-opacity\" \/>\r\n\r\n\r\n<div class=\"wp-block-columns is-layout-flex wp-container-core-columns-is-layout-9d6595d7 wp-block-columns-is-layout-flex\">\r\n<div class=\"wp-block-column is-layout-flow wp-block-column-is-layout-flow\">\r\n<p><strong>REFUGIO ANTIAEREO + MAS GUINARD\u00d3 <span style=\"color: #ff0000;\">[\u00daLTIMA HORA: SIN INSCRIPCI\u00d3N]<\/span><\/strong><\/p>\r\n\r\n\r\n\r\n<p>S\u00e1bado 25 a les 10, 10.30, 11, 11.30, 12, 12.30 i a les 13 h<\/p>\r\n\r\n\r\n\r\n<p><strong>EDAR BES\u00d3S<\/strong><\/p>\r\n<\/div>\r\n<div class=\"wp-block-column\">\r\n\r\n\r\n<p>S\u00e1bado 25 visites a las 11 i 12:30 h<\/p>\r\n\r\n\r\n\r\n<p><a href=\"https:\/\/www.eventbrite.es\/e\/entradas-edar-besos-ohb25-1741699192169?aff=ebdsoporgprofile\">Inscripci\u00f3n<\/a><\/p>\r\n<\/div>\r\n<\/div>\r\n\r\n\r\n<hr class=\"wp-block-separator has-alpha-channel-opacity\" \/>\r\n\r\n\r\n<div class=\"wp-block-columns is-layout-flex wp-container-core-columns-is-layout-9d6595d7 wp-block-columns-is-layout-flex\">\r\n<div class=\"wp-block-column is-layout-flow wp-block-column-is-layout-flow\">\r\n<p><strong>ITINERARIO LA VIVIENDA COOPERATIVA A NOU BARRIS<\/strong><\/p>\r\n\r\n\r\n\r\n<p>S\u00e1bado 25 visitas a las 11 y 13 h<\/p>\r\n\r\n\r\n\r\n<p><a href=\"https:\/\/www.eventbrite.es\/e\/entradas-itinerari-lhabitatge-cooperatiu-a-nou-barris-ohb25-1787039295639?aff=ebdsoporgprofile\">Inscripci\u00f3n<\/a><\/p>\r\n<\/div>\r\n\r\n\r\n\r\n<div class=\"wp-block-column is-layout-flow wp-block-column-is-layout-flow\">\r\n<p><strong>ITINERARIO LA VIVIENDA COOPERATIVA EN EL POBLENOU<\/strong><\/p>\r\n\r\n\r\n\r\n<p>S\u00e1bado 25 visitas a las 11 i 13 h<\/p>\r\n\r\n\r\n\r\n<p><a href=\"https:\/\/www.eventbrite.es\/e\/entradas-itinerari-lhabitatge-cooperatiu-a-poblenou-ohb25-1787607344689?aff=ebdsoporgprofile\">Inscripci\u00f3n<\/a><\/p>\r\n<\/div>\r\n<\/div>\r\n\r\n\r\n<hr class=\"wp-block-separator has-alpha-channel-opacity\" \/>\r\n\r\n\r\n<div class=\"wp-block-columns is-layout-flex wp-container-core-columns-is-layout-9d6595d7 wp-block-columns-is-layout-flex\">\r\n<div class=\"wp-block-column is-layout-flow wp-block-column-is-layout-flow\">\r\n<p><strong>PAVELLONES DE LA SEAT &#8211; COLECCI\u00d3N DE COCHES HIST\u00d3RICOS<\/strong><\/p>\r\n\r\n\r\n\r\n<p>S\u00e1bado 25 y Domingo 26 a las 9 y 11.30 h<\/p>\r\n\r\n\r\n\r\n<p><a href=\"https:\/\/www.eventbrite.es\/e\/entradas-itinerari-pavellons-de-la-seat-colleccio-de-cotxes-i-menjadors-ohb25-1761111504919?aff=ebdsoporgprofile\">Inscripci\u00f3n<\/a><\/p>\r\n<\/div>\r\n\r\n\r\n\r\n<div class=\"wp-block-column is-layout-flow wp-block-column-is-layout-flow\">\r\n<p><strong>SEDE CORPORATIVA AMB<\/strong><\/p>\r\n\r\n\r\n\r\n<p>\u00a0<br \/>Domingo 26 a las 10, 11:30 y 13:00 h<br \/><br \/><a href=\"https:\/\/www.eventbrite.es\/e\/seu-corporativa-amb-ohb25-tickets-1743597078799?aff=ebdsoporgprofile\">Inscripci\u00f3n<\/a><\/p>\r\n<\/div>\r\n<\/div>\r\n\r\n\r\n<hr class=\"wp-block-separator has-alpha-channel-opacity\" \/>\r\n\r\n\r\n<div class=\"wp-block-columns is-layout-flex wp-container-core-columns-is-layout-9d6595d7 wp-block-columns-is-layout-flex\">\r\n<div class=\"wp-block-column is-layout-flow wp-block-column-is-layout-flow\">\r\n<p><strong>TORRE DE LAS AGUAS DEL TIBIDABO<\/strong><\/p>\r\n\r\n\r\n\r\n<p>S\u00e1bado 25 y Domingo 26 visites a las 10, 10.45, 11.30, 12.15, 13.00, 13.45, 14.30, 15.15, 16 I 16.45 h<\/p>\r\n\r\n\r\n\r\n<p><a href=\"https:\/\/www.eventbrite.es\/e\/entradas-torre-daigues-del-tibidabo-ohb25-1743631421519?aff=ebdsoporgprofile\">Inscripci\u00f3n<\/a><\/p>\r\n<\/div>\r\n\r\n\r\n\r\n<div class=\"wp-block-column is-layout-flow wp-block-column-is-layout-flow\">\r\n<p><strong>EDAR PRAT DE LLOBREGAT<\/strong><\/p>\r\n\r\n\r\n\r\n<p>Domingo 26 visites a las 11 y 12:30 h<\/p>\r\n\r\n\r\n\r\n<p><a href=\"https:\/\/www.eventbrite.es\/e\/entradas-edar-baix-llobregat-ohb25-1741782431139?aff=ebdsoporgprofile\">Inscripci\u00f3n<\/a><\/p>\r\n<\/div>\r\n<\/div>\r\n\r\n\r\n<hr class=\"wp-block-separator has-alpha-channel-opacity\" \/>\r\n\r\n\r\n<div class=\"wp-block-columns is-layout-flex wp-container-core-columns-is-layout-9d6595d7 wp-block-columns-is-layout-flex\">\r\n<div class=\"wp-block-column is-layout-flow wp-block-column-is-layout-flow\">\r\n<p><strong>TORRE DE COLLSEROLA<\/strong><\/p>\r\n\r\n\r\n\r\n<p>Domingo 26 a las 10 y 11:45 h<\/p>\r\n\r\n\r\n\r\n<p><br \/><a href=\"https:\/\/www.eventbrite.es\/e\/registro-torre-collserola-ohb25-1769142696429?aff=ebdsoporgprofile\">Inscripci\u00f3n<\/a><\/p>\r\n<\/div>\r\n\r\n\r\n\r\n<div class=\"wp-block-column is-layout-flow wp-block-column-is-layout-flow\">\r\n<p><strong>TORRE DE LAS AGUAS DEL TIBIDABO<\/strong><\/p>\r\n\r\n\r\n\r\n<p>S\u00e1bado 25 y Domingo 26 visites a las 10, 10.45, 11.30, 12.15, 13.00, 13.45, 14.30, 15.15, 16 I 16.45 h<\/p>\r\n\r\n\r\n\r\n<p><a href=\"https:\/\/www.eventbrite.es\/e\/entradas-torre-daigues-del-tibidabo-ohb25-1743631421519?aff=ebdsoporgprofile\">Inscripci\u00f3n<\/a><\/p>\r\n<\/div>\r\n<\/div>\r\n\r\n\r\n<hr class=\"wp-block-separator has-alpha-channel-opacity\" \/>\r\n\r\n<hr class=\"wp-block-separator has-alpha-channel-opacity\" \/>\r\n\r\n\r\n<div class=\"wp-block-spacer\" style=\"height: 50px;\" aria-hidden=\"true\">\u00a0<\/div>\r\n\r\n\r\n\r\n<h3 class=\"wp-block-heading\">SANTA COLOMA DE GRAMENET<\/h3>\r\n\r\n\r\n<hr class=\"wp-block-separator has-alpha-channel-opacity\" \/>\r\n\r\n\r\n<div class=\"wp-block-columns is-layout-flex wp-container-core-columns-is-layout-9d6595d7 wp-block-columns-is-layout-flex\">\r\n<div class=\"wp-block-column is-layout-flow wp-block-column-is-layout-flow\">\r\n<p><strong>REFUGIO ANTIAEREO TORRE BALLDOVINA<\/strong><\/p>\r\n\r\n\r\n\r\n<p>S\u00e1bado 25 y Domingo 26, a les 11, 12 i 13 h<\/p>\r\n\r\n\r\n\r\n<p><a href=\"https:\/\/www.eventbrite.es\/e\/entradas-refugi-antiaeri-torre-balldovina-scg-ohb25-1733951608939?aff=ebdsoporgprofile\">Inscripci\u00f3n<\/a><\/p>\r\n<\/div>\r\n\r\n\r\n\r\n<div class=\"wp-block-column is-layout-flow wp-block-column-is-layout-flow\">\r\n<p><strong>TORRE PALLARESA<\/strong><\/p>\r\n\r\n\r\n\r\n<p>Domingo 26 visitas a las 10 y a las 12 h<\/p>\r\n\r\n\r\n\r\n<p><a href=\"https:\/\/www.eventbrite.es\/e\/entradas-torre-pallaresa-scg-ohb25-1745876085369?aff=ebdsoporgprofile\">Inscripci\u00f3n<\/a><\/p>\r\n<\/div>\r\n<\/div>\r\n\r\n\r\n<hr class=\"wp-block-separator has-alpha-channel-opacity\" \/>\r\n\r\n<hr class=\"wp-block-separator has-alpha-channel-opacity\" \/>\r\n\r\n\r\n<div class=\"wp-block-spacer\" style=\"height: 50px;\" aria-hidden=\"true\">\u00a0<\/div>\r\n\r\n\r\n\r\n<h3 class=\"wp-block-heading\">L&#8217;HOSPITALET DE LLOBREGAT<\/h3>\r\n\r\n\r\n<hr class=\"wp-block-separator has-alpha-channel-opacity\" \/>\r\n\r\n\r\n<div class=\"wp-block-columns is-layout-flex wp-container-core-columns-is-layout-9d6595d7 wp-block-columns-is-layout-flex\">\r\n<div class=\"wp-block-column is-layout-flow wp-block-column-is-layout-flow\">\r\n<p><strong>ITINERARIO L&#8217;HOSPITALET DE LOS HERMANOS PUIG Y GIRALT<\/strong><\/p>\r\n\r\n\r\n\r\n<p>S\u00e1bado 25 a las 16 h y a las 18 h<\/p>\r\n\r\n\r\n\r\n<p><a href=\"https:\/\/www.eventbrite.es\/e\/entradas-itinerari-lhospitalet-dels-germans-puig-i-gairalt-lh-ohb25-1741625581999?aff=ebdsoporgprofile\">Inscripci\u00f3n<\/a><\/p>\r\n<\/div>\r\n\r\n\r\n\r\n<div class=\"wp-block-column is-layout-flow wp-block-column-is-layout-flow\">\r\n<p><strong>ITINERARIO PASSADISSOS DE COLLBLANC &#8211; LA TORRASSA<\/strong><\/p>\r\n\r\n\r\n\r\n<p>Domingo 26 a las 11 y 13 h<\/p>\r\n\r\n\r\n\r\n<p><a href=\"https:\/\/www.eventbrite.es\/e\/entradas-itinerari-passadissos-de-collblanc-la-torrassa-lh-ohb25-1741870364149?aff=ebdsoporgprofile\">Inscripci\u00f3n<\/a><\/p>\r\n<\/div>\r\n<\/div>\r\n\r\n\r\n<hr class=\"wp-block-separator has-alpha-channel-opacity\" \/>\r\n\r\n\r\n<p><strong>ITINERARIO CHIMENEAS, TESTIMONIOS DEL PASADO INDUSTRIAL<\/strong><\/p>\r\n\r\n\r\n\r\n<p>Domingo 26 a las 17h<\/p>\r\n\r\n\r\n\r\n<p><a href=\"https:\/\/www.eventbrite.es\/e\/entradas-itinerari-xemeneies-testimonis-del-passat-industrial-lh-ohb25-1745439720189?aff=ebdsoporgprofile\">Inscripci\u00f3n<\/a><\/p>\r\n\r\n\r\n<hr class=\"wp-block-separator has-alpha-channel-opacity\" \/>\r\n\r\n<hr class=\"wp-block-separator has-alpha-channel-opacity\" \/>\r\n\r\n\r\n<div class=\"wp-block-spacer\" style=\"height: 50px;\" aria-hidden=\"true\">\u00a0<\/div>\r\n\r\n\r\n\r\n<h3 class=\"wp-block-heading\">SANT JOAN DESP\u00cd<\/h3>\r\n\r\n\r\n<hr class=\"wp-block-separator has-alpha-channel-opacity\" \/>\r\n\r\n\r\n<div class=\"wp-block-columns is-layout-flex wp-container-core-columns-is-layout-9d6595d7 wp-block-columns-is-layout-flex\">\r\n<div class=\"wp-block-column is-layout-flow wp-block-column-is-layout-flow\">\r\n<p><strong>TRAM &#8211; COCHERAS<\/strong><\/p>\r\n\r\n\r\n\r\n<p><br \/>S\u00e1bado 25 de 16 a 20 h i diumenge de 10 a 14 h<\/p>\r\n\r\n\r\n\r\n<p>Inscripci\u00f3n: <a href=\"https:\/\/centrejujolcannegre.cat\">https:\/\/centrejujolcannegre.cat<\/a><\/p>\r\n\r\n\r\n\r\n<p>&nbsp;<\/p>\r\n<\/div>\r\n\r\n\r\n\r\n<div class=\"wp-block-column is-layout-flow wp-block-column-is-layout-flow\">\r\n<p><strong>ENTE DE ABASTECIMIENTO DE AGUA TER-LLOBREGAT (ATL)<\/strong><\/p>\r\n\r\n\r\n\r\n<p>S\u00e1bado 25 de 10 a 13 h<\/p>\r\n\r\n\r\n\r\n<p>Inscripci\u00f3n: <a href=\"https:\/\/centrejujolcannegre.cat\">https:\/\/centrejujolcannegre.cat<\/a><\/p>\r\n<\/div>\r\n<\/div>\r\n\r\n\r\n<hr class=\"wp-block-separator has-alpha-channel-opacity\" \/>\r\n\r\n\r\n<p><strong>ITINERARIO DE TORRENTE A PARQUE. UN RECORRIDO HIST\u00d3RICO POR EL ENTORNO DE LA FONTSANTA<\/strong><\/p>\r\n\r\n\r\n\r\n<p>S\u00e1bado y Domingo a les 11.00 h<\/p>\r\n\r\n\r\n\r\n<p>Inscripci\u00f3n: <a href=\"https:\/\/centrejujolcannegre.cat\">https:\/\/centrejujolcannegre.cat<\/a><\/p>\r\n\r\n\r\n\r\n<div class=\"wp-block-spacer\" style=\"height: 30px;\" aria-hidden=\"true\">\u00a0<\/div>\r\n\r\n\r\n<hr class=\"wp-block-separator has-alpha-channel-opacity\" \/>\r\n\r\n<hr class=\"wp-block-separator has-alpha-channel-opacity\" \/>\r\n\r\n\r\n<div class=\"wp-block-spacer\" style=\"height: 50px;\" aria-hidden=\"true\">\u00a0<\/div>\r\n\r\n\r\n\r\n<h3 class=\"wp-block-heading\">SITGES<\/h3>\r\n\r\n\r\n<hr class=\"wp-block-separator has-alpha-channel-opacity\" \/>\r\n\r\n\r\n<div class=\"wp-block-columns is-layout-flex wp-container-core-columns-is-layout-9d6595d7 wp-block-columns-is-layout-flex\">\r\n<div class=\"wp-block-column is-layout-flow wp-block-column-is-layout-flow\">\r\n<p><strong>ITINERARIO SITGES ANTIGUO<\/strong><\/p>\r\n\r\n\r\n\r\n<p>S\u00e1bado a las 11 h y Domingo a las 17 h<\/p>\r\n\r\n\r\n\r\n<p><a href=\"https:\/\/www.eventbrite.es\/e\/entradas-itinerari-sitges-antic-stg-ohb25-1746224858559?aff=ebdsoporgprofile\">Inscripci\u00f3n<\/a><\/p>\r\n<\/div>\r\n\r\n\r\n\r\n<div class=\"wp-block-column is-layout-flow wp-block-column-is-layout-flow\">\r\n<p><strong>ITINERARIO CASAS DE LOS AMERICANOS<\/strong><\/p>\r\n\r\n\r\n\r\n<p>S\u00e1bado a las 17 h y Domingo a las 11 h<\/p>\r\n\r\n\r\n\r\n<p><a href=\"https:\/\/www.eventbrite.es\/e\/entradas-itinerari-cases-dels-americanos-stg-ohb25-1746385860119?aff=ebdsoporgprofile\">Inscripci\u00f3n<\/a><\/p>\r\n<\/div>\r\n<\/div>\r\n","protected":false},"excerpt":{"rendered":"<p>Estas actividades son itinerarios y edificios de infraestructuras que necesitan inscripci\u00f3n. Gastos de 3 euros para las inscripciones realizadas a trav\u00e9s de la plataforma Evenbrite. El acceso prioritario a estas actividades no est\u00e1n incluidos en la acreditaci\u00f3n de amigos del festival. BADALONA ITINERARIO JOAN AMIG\u00d3 Domingo 26 a las 10:30 h Inscripci\u00f3n MASIA CAN MIRAVITGES [&hellip;]<\/p>\n","protected":false},"author":2,"featured_media":56536,"parent":0,"menu_order":0,"comment_status":"closed","ping_status":"closed","template":"template-novapagina.php","meta":{"_acf_changed":false,"footnotes":""},"class_list":["post-55251","page","type-page","status-publish","has-post-thumbnail","hentry"],"acf":[],"_links":{"self":[{"href":"https:\/\/www.48hopenhousebarcelona.org\/es\/wp-json\/wp\/v2\/pages\/55251","targetHints":{"allow":["GET"]}}],"collection":[{"href":"https:\/\/www.48hopenhousebarcelona.org\/es\/wp-json\/wp\/v2\/pages"}],"about":[{"href":"https:\/\/www.48hopenhousebarcelona.org\/es\/wp-json\/wp\/v2\/types\/page"}],"author":[{"embeddable":true,"href":"https:\/\/www.48hopenhousebarcelona.org\/es\/wp-json\/wp\/v2\/users\/2"}],"replies":[{"embeddable":true,"href":"https:\/\/www.48hopenhousebarcelona.org\/es\/wp-json\/wp\/v2\/comments?post=55251"}],"version-history":[{"count":25,"href":"https:\/\/www.48hopenhousebarcelona.org\/es\/wp-json\/wp\/v2\/pages\/55251\/revisions"}],"predecessor-version":[{"id":57802,"href":"https:\/\/www.48hopenhousebarcelona.org\/es\/wp-json\/wp\/v2\/pages\/55251\/revisions\/57802"}],"wp:featuredmedia":[{"embeddable":true,"href":"https:\/\/www.48hopenhousebarcelona.org\/es\/wp-json\/wp\/v2\/media\/56536"}],"wp:attachment":[{"href":"https:\/\/www.48hopenhousebarcelona.org\/es\/wp-json\/wp\/v2\/media?parent=55251"}],"curies":[{"name":"wp","href":"https:\/\/api.w.org\/{rel}","templated":true}]}}